{"id":1591,"date":"2020-09-28T14:04:25","date_gmt":"2020-09-28T11:04:25","guid":{"rendered":"https:\/\/aegee-tartu.ee\/?page_id=1591"},"modified":"2023-10-03T18:43:52","modified_gmt":"2023-10-03T15:43:52","slug":"podcast","status":"publish","type":"page","link":"https:\/\/aegee-tartu.ee\/en\/meist\/projektid\/podcast\/","title":{"rendered":"Aega on!"},"content":{"rendered":"<div data-elementor-type=\"wp-page\" data-elementor-id=\"1591\" class=\"elementor elementor-1591\">\n\t\t\t\t\t\t<section class=\"elementor-section elementor-top-section elementor-element elementor-element-f619cf6 elementor-section-boxed elementor-section-height-default elementor-section-height-default\" data-id=\"f619cf6\" data-element_type=\"section\" data-e-type=\"section\">\n\t\t\t\t\t\t<div class=\"elementor-container elementor-column-gap-default\">\n\t\t\t\t\t<div class=\"elementor-column elementor-col-100 elementor-top-column elementor-element elementor-element-e174ba3\" data-id=\"e174ba3\" data-element_type=\"column\" data-e-type=\"column\">\n\t\t\t<div class=\"elementor-widget-wrap elementor-element-populated\">\n\t\t\t\t\t\t<div class=\"elementor-element elementor-element-1e5a6bd elementor-widget elementor-widget-text-editor\" data-id=\"1e5a6bd\" data-element_type=\"widget\" data-e-type=\"widget\" data-widget_type=\"text-editor.default\">\n\t\t\t\t<div class=\"elementor-widget-container\">\n\t\t\t\t\t\t\t\t\t<p>Aega on! on AEGEE-Tartu projekt, mille k\u00e4igus arutletakse aeglase liikumise p\u00f5him\u00f5tete \u00fcle. Aeglane liikumine p\u00f6\u00f6rab t\u00e4helepanu rahulikuma elutempo ja kvaliteedi v\u00e4\u00e4rtustamise m\u00f5judele nii indiviidile, \u00fchiskonnale kui ka keskkonnale.&nbsp;<\/p><p>Projekti raames:&nbsp;<\/p><p>1) korraldati aeglase elustiili teemaline laager&nbsp;<\/p><p>2) anti v\u00e4lja AEGA ON taskuh\u00e4\u00e4lingu esimene hooaeg&nbsp;<\/p><p>3) korraldati arutelu\u00f5htu&nbsp;<\/p><p>4) anti v\u00e4lja&nbsp;<a href=\"https:\/\/issuu.com\/keskula\/docs\/aega_on_ajakiri_veebi\" target=\"_blank\">AEGA ON ajakiri<\/a>.<\/p>\n<p><br><\/p><p>AEGA ON projekti tegevustel saab silma peal hoida Instagramis&nbsp;<a href=\"https:\/\/www.instagram.com\/aega_on\/\" target=\"_blank\" rel=\"noopener\">@Aega_on<\/a>&nbsp;kontol.<\/p>\t\t\t\t\t\t\t\t<\/div>\n\t\t\t\t<\/div>\n\t\t\t\t<div class=\"elementor-element elementor-element-735246b elementor-widget-divider--separator-type-pattern elementor-widget-divider--no-spacing elementor-widget-divider--view-line elementor-widget elementor-widget-divider\" data-id=\"735246b\" data-element_type=\"widget\" data-e-type=\"widget\" data-widget_type=\"divider.default\">\n\t\t\t\t<div class=\"elementor-widget-container\">\n\t\t\t\t\t\t\t<div class=\"elementor-divider\" style=\"--divider-pattern-url: url(&quot;data:image\/svg+xml,%3Csvg xmlns=&#039;http:\/\/www.w3.org\/2000\/svg&#039; preserveAspectRatio=&#039;xMidYMid meet&#039; overflow=&#039;visible&#039; height=&#039;100%&#039; viewBox=&#039;0 0 120 26&#039; fill=&#039;black&#039; stroke=&#039;none&#039;%3E%3Cpolygon points=&#039;0,14.4 0,21 11.5,12.4 21.3,20 30.4,11.1 40.3,20 51,12.4 60.6,20 69.6,11.1 79.3,20 90.1,12.4 99.6,20 109.7,11.1 120,21 120,14.4 109.7,5 99.6,13 90.1,5 79.3,14.5 71,5.7 60.6,12.4 51,5 40.3,14.5 31.1,5 21.3,13 11.5,5 \t&#039;\/%3E%3C\/svg%3E&quot;);\">\n\t\t\t<span class=\"elementor-divider-separator\">\n\t\t\t\t\t\t<\/span>\n\t\t<\/div>\n\t\t\t\t\t\t<\/div>\n\t\t\t\t<\/div>\n\t\t\t\t<div class=\"elementor-element elementor-element-258ca86 elementor-widget elementor-widget-wp-widget-podcast_player_widget\" data-id=\"258ca86\" data-element_type=\"widget\" data-e-type=\"widget\" data-widget_type=\"wp-widget-podcast_player_widget.default\">\n\t\t\t\t<div class=\"elementor-widget-container\">\n\t\t\t\t\t\t\t\t<style type=\"text\/css\">#pp-podcast-5798 .pod-info__header { display: block; }<\/style>\n\t\t\t<div id=\"pp-podcast-5798\" class=\"pp-podcast has-header header-visible has-featured playerview media-audio hide-download\"  data-teaser=\"\" data-elength=\"18\" data-eunit=\"\" data-ppsdata=\"{&quot;ppe-5798-1&quot;:{&quot;title&quot;:&quot;#39 Avalik salvestus: Triin Vihalemm (T\\u00dc sotsioloog) &#8211; Kuidas suhestuvad ajaga erinevad p\\u00f5lvkonnad?&quot;,&quot;description&quot;:&quot;&lt;p&gt;Kuidas erineb eri p\\u00f5lvkondade suhe ajaga ning milliseid v\\u00e4ljakutsed need erisused toovad? Suhtleme Tartu \\u00dclikooli kommunikatsiooniuuringute professoriga ning otsime muu hulgas vastust ka k\\u00fcsimusele, kuidas m\\u00f5elda ajast ning milline aja kasutus teeb inimesi \\u00f5nnelikumaks.&lt;\\\/p&gt;\\n&lt;p&gt;&lt;\\\/p&gt;\\n&lt;p&gt;Saade on salvestatud &lt;a href=\\&quot;https:\\\/\\\/adamson-eric.ekm.ee\\\/\\&quot; target=\\&quot;_blank\\&quot; rel=\\&quot;noopener noreferer\\&quot;&gt;Adamson-Ericu muuseumis&lt;\\\/a&gt; osana n\\u00e4ituse &#8221;Aegluse poliitika&#8221; publikuprogrammist.&lt;\\\/p&gt;\\n&lt;p&gt;&lt;\\\/p&gt;\\n&lt;p&gt;Saates tutvustatud Eesti \\u00fchiskonna liikmete ajakasutussuutlikkuse t\\u00fcpoloogiat saab p\\u00f5hjalikumalt uurida: &lt;a href=\\&quot;https:\\\/\\\/www.researchgate.net\\\/publication\\\/361450476_KUST_TULEVAD_MUUTUSED_JA_KUHU_KAOB_AEG_MOOTES_JA_MOTESTADES_EESTI_UHISKONDA\\&quot; target=\\&quot;_blank\\&quot; rel=\\&quot;noopener noreferer\\&quot;&gt;https:\\\/\\\/www.researchgate.net\\\/publication\\\/361450476_KUST_TULEVAD_MUUTUSED_JA_KUHU_KAOB_AEG_MOOTES_JA_MOTESTADES_EESTI_UHISKONDA&lt;\\\/a&gt;&lt;\\\/p&gt;\\n&lt;p&gt;&lt;\\\/p&gt;&lt;\\\/p&gt;\\n&quot;,&quot;author&quot;:&quot;AEGEE-Tartu&quot;,&quot;date&quot;:&quot;25th February 2026&quot;,&quot;link&quot;:&quot;https:\\\/\\\/podcasters.spotify.com\\\/pod\\\/show\\\/aegaon\\\/episodes\\\/39-Avalik-salvestus-Triin-Vihalemm-T-sotsioloog---Kuidas-suhestuvad-ajaga-erinevad-plvkonnad-e3fhske&quot;,&quot;src&quot;:&quot;https:\\\/\\\/anchor.fm\\\/s\\\/33121348\\\/podcast\\\/play\\\/115978318\\\/https%3A%2F%2Fd3ctxlq1ktw2nl.cloudfront.net%2Fstaging%2F2026-1-24%2F583ba66e-ccba-3b56-8b07-1a53c1fd4ee5.mp3&quot;,&quot;featured&quot;:&quot;https:\\\/\\\/d3t3ozftmdmh3i.cloudfront.net\\\/staging\\\/podcast_uploaded_nologo\\\/8468226\\\/8468226-1699031788618-b693d2ea345f4.jpg&quot;,&quot;featured_id&quot;:0,&quot;mediatype&quot;:&quot;audio&quot;,&quot;season&quot;:0,&quot;categories&quot;:[],&quot;duration&quot;:&quot;01:01:57&quot;,&quot;episodetype&quot;:&quot;full&quot;,&quot;timestamp&quot;:1771999680,&quot;key&quot;:&quot;af49feac93a5b13421410ed5abc1441f&quot;,&quot;fset&quot;:&quot;&quot;,&quot;fratio&quot;:1},&quot;ppe-5798-2&quot;:{&quot;title&quot;:&quot;#37 Uku Vainik (Tartu \\u00dclikooli k\\u00e4itumisgeneetika kaasprofessor) &#8211; kuidas meie toitumisvalikud m\\u00f5jutavad meie tervist?&quot;,&quot;description&quot;:&quot;&lt;p&gt;Kas see, millise tempoga s\\u00f6\\u00f6me, m\\u00f5jutab meie tervist? Just seda uurimegi Tartu \\u00dclikooli k\\u00e4itumisgeneetika kaasprofessorilt Uku Vainikult, kes on oma t\\u00f6\\u00f6des keskendunud just toitumise ja rasvumise teemadele. V\\u00f5tame \\u00fcheskoos arutledes ette toidu teekonna ning avastame, kuidas teha tervislikumaid valikuid nii toitu soetades, seda valmistades kui ka s\\u00fc\\u00fces. Kas nendel valikutel on \\u00fcldse t\\u00e4htsust? Kuula j\\u00e4rgi!&lt;\\\/p&gt;\\n&quot;,&quot;author&quot;:&quot;AEGEE-Tartu&quot;,&quot;date&quot;:&quot;4th May 2024&quot;,&quot;link&quot;:&quot;https:\\\/\\\/podcasters.spotify.com\\\/pod\\\/show\\\/aegaon\\\/episodes\\\/37-Uku-Vainik-Tartu-likooli-kitumisgeneetika-kaasprofessor---kuidas-meie-toitumisvalikud-mjutavad-meie-tervist-e2j6uj9&quot;,&quot;src&quot;:&quot;https:\\\/\\\/anchor.fm\\\/s\\\/33121348\\\/podcast\\\/play\\\/86259753\\\/https%3A%2F%2Fd3ctxlq1ktw2nl.cloudfront.net%2Fstaging%2F2024-4-3%2F376417430-44100-2-2a72680466195.m4a&quot;,&quot;featured&quot;:&quot;https:\\\/\\\/aegee-tartu.ee\\\/wp-content\\\/uploads\\\/2024\\\/05\\\/8468226-1714731615805-ddcbe95a44f47-768x768.jpg&quot;,&quot;featured_id&quot;:3335,&quot;mediatype&quot;:&quot;audio&quot;,&quot;season&quot;:4,&quot;categories&quot;:[],&quot;duration&quot;:&quot;01:05:27&quot;,&quot;episodetype&quot;:&quot;full&quot;,&quot;timestamp&quot;:1714795020,&quot;key&quot;:&quot;a2797ac8d5780702143f4243b55e0573&quot;,&quot;fset&quot;:&quot;https:\\\/\\\/aegee-tartu.ee\\\/wp-content\\\/uploads\\\/2024\\\/05\\\/8468226-1714731615805-ddcbe95a44f47-768x768.jpg 768w, https:\\\/\\\/aegee-tartu.ee\\\/wp-content\\\/uploads\\\/2024\\\/05\\\/8468226-1714731615805-ddcbe95a44f47-300x300.jpg 300w, https:\\\/\\\/aegee-tartu.ee\\\/wp-content\\\/uploads\\\/2024\\\/05\\\/8468226-1714731615805-ddcbe95a44f47-1024x1024.jpg 1024w, https:\\\/\\\/aegee-tartu.ee\\\/wp-content\\\/uploads\\\/2024\\\/05\\\/8468226-1714731615805-ddcbe95a44f47-150x150.jpg 150w, https:\\\/\\\/aegee-tartu.ee\\\/wp-content\\\/uploads\\\/2024\\\/05\\\/8468226-1714731615805-ddcbe95a44f47-1536x1536.jpg 1536w, https:\\\/\\\/aegee-tartu.ee\\\/wp-content\\\/uploads\\\/2024\\\/05\\\/8468226-1714731615805-ddcbe95a44f47-2048x2048.jpg 2048w, https:\\\/\\\/aegee-tartu.ee\\\/wp-content\\\/uploads\\\/2024\\\/05\\\/8468226-1714731615805-ddcbe95a44f47-12x12.jpg 12w, https:\\\/\\\/aegee-tartu.ee\\\/wp-content\\\/uploads\\\/2024\\\/05\\\/8468226-1714731615805-ddcbe95a44f47-100x100.jpg 100w, https:\\\/\\\/aegee-tartu.ee\\\/wp-content\\\/uploads\\\/2024\\\/05\\\/8468226-1714731615805-ddcbe95a44f47-600x600.jpg 600w&quot;,&quot;fratio&quot;:1},&quot;ppe-5798-3&quot;:{&quot;title&quot;:&quot;#36 Tuuli Hirvel\\u00e4 (MT\\u00dc Slow Flowers Estonia) &#8211; Miks ja kuidas valida aeglaseid lilli?&quot;,&quot;description&quot;:&quot;&lt;p&gt;Kas sellel on vahet, milliseid lilli me ostame v\\u00f5i kasvatame? Mida veel lisaks lille ilule arvesse v\\u00f5tta, kui neid valime? Kutsusime k\\u00fclla MT\\u00dc Slow Flowers Estonia juhatuse liikme Tuuli Hirvel\\u00e4, kellega r\\u00e4\\u00e4kisime aeglaste lillede liikumisest Eestis ja mujal. Arutasime, mis teeb \\u00fche lille aeglaseks ning milliseid alternatiive leidub, et lillede kasvatamine ja floristika oleks parem nii loodusele, lillekasvatajatele, lillepoodidele ning loomulikult ka tarbijatele.&lt;\\\/p&gt;\\n&quot;,&quot;author&quot;:&quot;AEGEE-Tartu&quot;,&quot;date&quot;:&quot;6th April 2024&quot;,&quot;link&quot;:&quot;https:\\\/\\\/podcasters.spotify.com\\\/pod\\\/show\\\/aegaon\\\/episodes\\\/36-Tuuli-Hirvel-MT-Slow-Flowers-Estonia---Miks-ja-kuidas-valida-aeglaseid-lilli-e2i1ikf&quot;,&quot;src&quot;:&quot;https:\\\/\\\/anchor.fm\\\/s\\\/33121348\\\/podcast\\\/play\\\/85035087\\\/https%3A%2F%2Fd3ctxlq1ktw2nl.cloudfront.net%2Fstaging%2F2024-3-5%2F373372392-44100-2-9b9fd8d0c9686.m4a&quot;,&quot;featured&quot;:&quot;https:\\\/\\\/d3t3ozftmdmh3i.cloudfront.net\\\/staging\\\/podcast_uploaded_episode\\\/8468226\\\/8468226-1712351952520-cadabc13915ca.jpg&quot;,&quot;featured_id&quot;:0,&quot;mediatype&quot;:&quot;audio&quot;,&quot;season&quot;:4,&quot;categories&quot;:[],&quot;duration&quot;:&quot;56:55&quot;,&quot;episodetype&quot;:&quot;full&quot;,&quot;timestamp&quot;:1712372100,&quot;key&quot;:&quot;c56589bc31bedad375979b299b39ff7f&quot;,&quot;fset&quot;:&quot;&quot;,&quot;fratio&quot;:1},&quot;ppe-5798-4&quot;:{&quot;title&quot;:&quot;#35 Annika Tamme (seksuoloog) &#8211; Kuidas v\\u00f5tta aega seksist r\\u00e4\\u00e4kimiseks?&quot;,&quot;description&quot;:&quot;&lt;p&gt;Miks on nii, et m\\u00f5nest teemast on keerulisem r\\u00e4\\u00e4kida kui teisest? Jutustasime seksuoloog Annika Tammega, kuidas k\\u00f5neleda seksi teemadest ning kuidas ka igap\\u00e4eva virr-varris p\\u00e4riselt intiimsust nautida. Muu hulgas tuli juttu, millistest seksiga seotud teemadest k\\u00f5neleda spetsialistidega, aga ka partneri, laste ja s\\u00f5pradega ning millises suunas v\\u00f5iks meie inforuumis ja hariduss\\u00fcsteemis seksik\\u00e4sitlused areneda.&lt;\\\/p&gt;\\n&lt;p&gt;&lt;\\\/p&gt;\\n&lt;p&gt;&lt;a href=\\&quot;https:\\\/\\\/tai.ee\\\/et\\\/valjaanded\\\/euroopa-seksuaalhariduse-standardid\\&quot; target=\\&quot;_blank\\&quot; rel=\\&quot;noreferrer noopener nofollow\\&quot;&gt;https:\\\/\\\/tai.ee\\\/et\\\/valjaanded\\\/euroopa-seksuaalhariduse-standardid&lt;\\\/a&gt;&lt;\\\/p&gt;\\n&lt;p&gt;&lt;\\\/p&gt;\\n&lt;p&gt;&lt;a href=\\&quot;https:\\\/\\\/sotsiaalkindlustusamet.ee\\\/spetsialistile-ja-koostoopartnerile\\\/laste-ja-peredega-tootavale-spetsialistile\\\/sensoa-lipususteem\\&quot; target=\\&quot;_blank\\&quot; rel=\\&quot;noreferrer noopener nofollow\\&quot;&gt;https:\\\/\\\/sotsiaalkindlustusamet.ee\\\/spetsialistile-ja-koostoopartnerile\\\/laste-ja-peredega-tootavale-spetsialistile\\\/sensoa-lipususteem&lt;\\\/a&gt;&lt;\\\/p&gt;\\n&quot;,&quot;author&quot;:&quot;AEGEE-Tartu&quot;,&quot;date&quot;:&quot;2nd March 2024&quot;,&quot;link&quot;:&quot;https:\\\/\\\/podcasters.spotify.com\\\/pod\\\/show\\\/aegaon\\\/episodes\\\/35-Annika-Tamme-seksuoloog---Kuidas-vtta-aega-seksist-rkimiseks-e2ggvkc&quot;,&quot;src&quot;:&quot;https:\\\/\\\/anchor.fm\\\/s\\\/33121348\\\/podcast\\\/play\\\/83442764\\\/https%3A%2F%2Fd3ctxlq1ktw2nl.cloudfront.net%2Fstaging%2F2024-2-1%2F369401804-44100-2-81ad1a6c76b6f.m4a&quot;,&quot;featured&quot;:&quot;https:\\\/\\\/d3t3ozftmdmh3i.cloudfront.net\\\/staging\\\/podcast_uploaded_episode\\\/8468226\\\/8468226-1709319196916-2c5b9baabc581.jpg&quot;,&quot;featured_id&quot;:0,&quot;mediatype&quot;:&quot;audio&quot;,&quot;season&quot;:4,&quot;categories&quot;:[],&quot;duration&quot;:&quot;01:33:21&quot;,&quot;episodetype&quot;:&quot;full&quot;,&quot;timestamp&quot;:1709358900,&quot;key&quot;:&quot;97e37b183592afbeda623f24ffd45467&quot;,&quot;fset&quot;:&quot;&quot;,&quot;fratio&quot;:1},&quot;ppe-5798-5&quot;:{&quot;title&quot;:&quot;#34 Liisi Org (Latitude59 peakorraldaja) &#8211; Kuidas startup maailmas l\\u00e4bip\\u00f5lemist ennetada?&quot;,&quot;description&quot;:&quot;&lt;p&gt;Kas l\\u00e4bip\\u00f5lemine on startupis t\\u00f6\\u00f6tades paratamatu v\\u00f5i saaks ka tervislikumalt? Kutsusime k\\u00fclla Latitude59 peakorraldaja Liisi Orgi, et \\u00fcheskoos avameelselt arutada l\\u00e4bip\\u00f5lemisest just startup maailmas. Liisi jagas oma kogemusi nii Eesti kui ka v\\u00e4lismaa startupide t\\u00f6\\u00f6kultuurist kui ka praktilistest nippidest, mis on tal aidanud l\\u00e4bip\\u00f5lemisest v\\u00e4lja tulla ja seda hiljem ennetada. Saade on kindlasti kasulik kuulamine k\\u00f5igile, kes teevad endale s\\u00fcdamel\\u00e4hedast t\\u00f6\\u00f6d, kuid pidevalt on tunne, et aega k\\u00f5igeks napib ning tempo on liiga kiire.&lt;\\\/p&gt;\\n&quot;,&quot;author&quot;:&quot;AEGEE-Tartu&quot;,&quot;date&quot;:&quot;4th February 2024&quot;,&quot;link&quot;:&quot;https:\\\/\\\/podcasters.spotify.com\\\/pod\\\/show\\\/aegaon\\\/episodes\\\/34-Liisi-Org-Latitude59-peakorraldaja---Kuidas-startup-maailmas-lbiplemist-ennetada-e2f924i&quot;,&quot;src&quot;:&quot;https:\\\/\\\/anchor.fm\\\/s\\\/33121348\\\/podcast\\\/play\\\/82134610\\\/https%3A%2F%2Fd3ctxlq1ktw2nl.cloudfront.net%2Fstaging%2F2024-1-2%2F365958126-44100-2-0781a5c5f748d.m4a&quot;,&quot;featured&quot;:&quot;https:\\\/\\\/d3t3ozftmdmh3i.cloudfront.net\\\/staging\\\/podcast_uploaded_episode\\\/8468226\\\/8468226-1714731819912-fe1440cc578de.jpg&quot;,&quot;featured_id&quot;:0,&quot;mediatype&quot;:&quot;audio&quot;,&quot;season&quot;:4,&quot;categories&quot;:[],&quot;duration&quot;:&quot;53:52&quot;,&quot;episodetype&quot;:&quot;full&quot;,&quot;timestamp&quot;:1707049255,&quot;key&quot;:&quot;d40efa7e181e6bdbe36f57a6d6d872dc&quot;,&quot;fset&quot;:&quot;&quot;,&quot;fratio&quot;:1},&quot;ppe-5798-6&quot;:{&quot;title&quot;:&quot;#33 Britt Velling (&#8220;Perekondame&#8221; saatejuht) &#8211; Kuidas peres stressiga paremini toime tulla ja peresuhteid tugevdada?&quot;,&quot;description&quot;:&quot;&lt;p&gt;Peresuhted m\\u00f5jutavad meid igap\\u00e4evaselt ja ehk isegi rohkem kui sageli sooviksime. Sestap kutsusime k\\u00fclla Britt Vellingu, superviseeritud pereterapeudi ja &#8221;Perekondame&#8221; taskuh\\u00e4\\u00e4lingu saatejuhi. Arutasime, mis on tugevate peresuhete alustalad, kuidas m\\u00f5elda stressi tekitavatest teemadest peres ja kuidas anda oma panus suhete tugevdamiseks.&lt;\\\/p&gt;\\n&quot;,&quot;author&quot;:&quot;AEGEE-Tartu&quot;,&quot;date&quot;:&quot;14th January 2024&quot;,&quot;link&quot;:&quot;https:\\\/\\\/podcasters.spotify.com\\\/pod\\\/show\\\/aegaon\\\/episodes\\\/33-Britt-Velling-Perekondame-saatejuht---Kuidas-peres-stressiga-paremini-toime-tulla-ja-peresuhteid-tugevdada-e2e29rl&quot;,&quot;src&quot;:&quot;https:\\\/\\\/anchor.fm\\\/s\\\/33121348\\\/podcast\\\/play\\\/80864565\\\/https%3A%2F%2Fd3ctxlq1ktw2nl.cloudfront.net%2Fstaging%2F2024-0-5%2F362344734-44100-2-3ac088e6b15bb.m4a&quot;,&quot;featured&quot;:&quot;https:\\\/\\\/d3t3ozftmdmh3i.cloudfront.net\\\/staging\\\/podcast_uploaded_episode\\\/8468226\\\/8468226-1714731799622-29b32f7b1fa97.jpg&quot;,&quot;featured_id&quot;:0,&quot;mediatype&quot;:&quot;audio&quot;,&quot;season&quot;:4,&quot;categories&quot;:[],&quot;duration&quot;:&quot;01:26:47&quot;,&quot;episodetype&quot;:&quot;full&quot;,&quot;timestamp&quot;:1705253857,&quot;key&quot;:&quot;e158e1c9479fccce4156bbc527e07979&quot;,&quot;fset&quot;:&quot;&quot;,&quot;fratio&quot;:1},&quot;ppe-5798-7&quot;:{&quot;title&quot;:&quot;#32 Rahel Otsa (Rahel Otsa Improkooli juht) &#8211; Kuidas arendada oskusi, et ootamatustega paremini toime tulla?&quot;,&quot;description&quot;:&quot;&lt;p&gt;Kuidas toime tulla ootamatustega, mida kiire maailm meile pakub? Milliseid oskusi endas selleks arendada? &lt;\\\/p&gt;\\n&lt;p&gt;Kutsusime k\\u00fclla Improkoolitaja Rahel Otsa ning uurisime, milliseid oskusi improteatris arendatakse, et ootamatustega paremi toime tulla ning kuidas ka iseseisvalt neid oskusi arendada. M\\u00f5tisklesime, mil moel impro kosutab, kuidas t\\u00f6\\u00f6kohal v\\u00f5i laiemalt \\u00fchiskonnas need kasulikud oskused paremini juurduks ning kuidas saaks ise improt j\\u00e4rgi proovida.&lt;\\\/p&gt;\\n&quot;,&quot;author&quot;:&quot;AEGEE-Tartu&quot;,&quot;date&quot;:&quot;2nd December 2023&quot;,&quot;link&quot;:&quot;https:\\\/\\\/podcasters.spotify.com\\\/pod\\\/show\\\/aegaon\\\/episodes\\\/32-Rahel-Otsa-Rahel-Otsa-Improkooli-juht---Kuidas-arendada-oskusi--et-ootamatustega-paremini-toime-tulla-e2ckbij&quot;,&quot;src&quot;:&quot;https:\\\/\\\/anchor.fm\\\/s\\\/33121348\\\/podcast\\\/play\\\/79358995\\\/https%3A%2F%2Fd3ctxlq1ktw2nl.cloudfront.net%2Fstaging%2F2023-10-30%2F357847021-44100-2-d06fcab0019c7.m4a&quot;,&quot;featured&quot;:&quot;https:\\\/\\\/d3t3ozftmdmh3i.cloudfront.net\\\/staging\\\/podcast_uploaded_episode\\\/8468226\\\/8468226-1701803386696-14f1835d54e3f.jpg&quot;,&quot;featured_id&quot;:0,&quot;mediatype&quot;:&quot;audio&quot;,&quot;season&quot;:4,&quot;categories&quot;:[],&quot;duration&quot;:&quot;01:02:56&quot;,&quot;episodetype&quot;:&quot;full&quot;,&quot;timestamp&quot;:1701501147,&quot;key&quot;:&quot;462616cdb7a800641496e7c25f04393c&quot;,&quot;fset&quot;:&quot;&quot;,&quot;fratio&quot;:1},&quot;ppe-5798-8&quot;:{&quot;title&quot;:&quot;#31 Indrek Maripuu (Loovusaida konsultant) &#8211; Kuidas v\\u00f5tta aega loovuse turgutamiseks?&quot;,&quot;description&quot;:&quot;&lt;p&gt;Sel korral k\\u00fclastasime Kuplandil asuvat Loovusaita, et arutada Indrek Maripuuga, kuidas turgutada oma loovust.&lt;br \\\/&gt;\\nUurisime kuidas viia l\\u00e4bi ajur\\u00fcnnakuid, miks on seda hea teha L\\u00f5una-Eesti looduse keskel ja kuidas \\u00fcldiselt suhtuda kaugt\\u00f6\\u00f6sse. Saates kuuleb ka Indreku arvamust, kuidas koroonaj\\u00e4rgsel ajastul organisatsioonis kaugt\\u00f6\\u00f6d korraldada ning mida arvata tehisintellekti kaasamisest ajur\\u00fcnnakutesse.&lt;\\\/p&gt;\\n&quot;,&quot;author&quot;:&quot;AEGEE-Tartu&quot;,&quot;date&quot;:&quot;4th November 2023&quot;,&quot;link&quot;:&quot;https:\\\/\\\/podcasters.spotify.com\\\/pod\\\/show\\\/aegaon\\\/episodes\\\/31-Indrek-Maripuu-Loovusaida-konsultant---Kuidas-vtta-aega-loovuse-turgutamiseks-e2begf7&quot;,&quot;src&quot;:&quot;https:\\\/\\\/anchor.fm\\\/s\\\/33121348\\\/podcast\\\/play\\\/78118823\\\/https%3A%2F%2Fd3ctxlq1ktw2nl.cloudfront.net%2Fstaging%2F2023-10-30%2F357834469-44100-2-40626ecc8252.m4a&quot;,&quot;featured&quot;:&quot;https:\\\/\\\/d3t3ozftmdmh3i.cloudfront.net\\\/staging\\\/podcast_uploaded_episode\\\/8468226\\\/8468226-1699040232798-3888a2d53e3ba.jpg&quot;,&quot;featured_id&quot;:0,&quot;mediatype&quot;:&quot;audio&quot;,&quot;season&quot;:4,&quot;categories&quot;:[],&quot;duration&quot;:&quot;01:29:04&quot;,&quot;episodetype&quot;:&quot;full&quot;,&quot;timestamp&quot;:1699096980,&quot;key&quot;:&quot;3687e637142c809504bd5cae90d75cbc&quot;,&quot;fset&quot;:&quot;&quot;,&quot;fratio&quot;:1},&quot;ppe-5798-9&quot;:{&quot;title&quot;:&quot;AIGU OM ERI: Kadri Treial &#8211; Kuidas v\\u00f5tta aega noorte vaimse tervise toetamiseks?&quot;,&quot;description&quot;:&quot;&lt;p&gt;Aigu OM festivalil toimunud avalikule salvestusele kutsusime koolips\\u00fchholoogi Kadri Treiali, kellega arutasime mil moel saame toetada noorte vaimset tervist. Lisaks jagasime h\\u00e4id n\\u00e4pun\\u00e4iteid, kust veel tuge saada nii v\\u00e4iksemate kui ka suuremate murede puhul.&lt;\\\/p&gt;\\n&quot;,&quot;author&quot;:&quot;AEGEE-Tartu&quot;,&quot;date&quot;:&quot;5th August 2023&quot;,&quot;link&quot;:&quot;https:\\\/\\\/podcasters.spotify.com\\\/pod\\\/show\\\/aegaon\\\/episodes\\\/AIGU-OM-ERI-Kadri-Treial---Kuidas-vtta-aega-noorte-vaimse-tervise-toetamiseks-e27p014&quot;,&quot;src&quot;:&quot;https:\\\/\\\/anchor.fm\\\/s\\\/33121348\\\/podcast\\\/play\\\/74268132\\\/https%3A%2F%2Fd3ctxlq1ktw2nl.cloudfront.net%2Fstaging%2F2023-7-5%2F341957880-44100-2-9b26573c09093.m4a&quot;,&quot;featured&quot;:&quot;https:\\\/\\\/d3t3ozftmdmh3i.cloudfront.net\\\/staging\\\/podcast_uploaded_episode\\\/8468226\\\/8468226-1691215548083-d0f4287883f86.jpg&quot;,&quot;featured_id&quot;:0,&quot;mediatype&quot;:&quot;audio&quot;,&quot;season&quot;:3,&quot;categories&quot;:[],&quot;duration&quot;:&quot;39:52&quot;,&quot;episodetype&quot;:&quot;full&quot;,&quot;timestamp&quot;:1691215668,&quot;key&quot;:&quot;f0ccff5c086f72dbc68fe067ce8cccb3&quot;,&quot;fset&quot;:&quot;&quot;,&quot;fratio&quot;:1},&quot;ppe-5798-10&quot;:{&quot;title&quot;:&quot;#30 Maret Kesk\\u00fcla &#8211; Mida on meil \\u00f5ppida aeglase elustiili liikumisest?&quot;,&quot;description&quot;:&quot;&lt;p&gt;Sel korral on meil saatek\\u00fclaliseks AEGA ON taskuh\\u00e4\\u00e4lingu saatejuht Maret Kesk\\u00fcla, keda intervjueerivad tiimiliikmed Aljona Karpuhhin ja Mari Kass. &lt;\\\/p&gt;\\n&lt;p&gt;&lt;\\\/p&gt;\\n&lt;p&gt;Jutustame Mareti reisidest, mille k\\u00e4igus ta on avastanud aeglase elustiili n\\u00e4iteid v\\u00e4lisriikides, ning tema enda kogemusest aeglustamise teemadel. &lt;\\\/p&gt;\\n&quot;,&quot;author&quot;:&quot;AEGEE-Tartu&quot;,&quot;date&quot;:&quot;1st July 2023&quot;,&quot;link&quot;:&quot;https:\\\/\\\/podcasters.spotify.com\\\/pod\\\/show\\\/aegaon\\\/episodes\\\/30-Maret-Keskla---Mida-on-meil-ppida-aeglase-elustiili-liikumisest-e26ct9t&quot;,&quot;src&quot;:&quot;https:\\\/\\\/anchor.fm\\\/s\\\/33121348\\\/podcast\\\/play\\\/72823549\\\/https%3A%2F%2Fd3ctxlq1ktw2nl.cloudfront.net%2Fstaging%2F2023-5-30%2F337480519-44100-2-079576cfdb88e.m4a&quot;,&quot;featured&quot;:&quot;https:\\\/\\\/d3t3ozftmdmh3i.cloudfront.net\\\/staging\\\/podcast_uploaded_episode\\\/8468226\\\/8468226-1688171661426-e94b6d68453a2.jpg&quot;,&quot;featured_id&quot;:0,&quot;mediatype&quot;:&quot;audio&quot;,&quot;season&quot;:3,&quot;categories&quot;:[],&quot;duration&quot;:&quot;01:08:27&quot;,&quot;episodetype&quot;:&quot;full&quot;,&quot;timestamp&quot;:1688184000,&quot;key&quot;:&quot;864d2db995fb4dabaa3ef0af1c96d1ce&quot;,&quot;fset&quot;:&quot;&quot;,&quot;fratio&quot;:1},&quot;ppe-5798-11&quot;:{&quot;title&quot;:&quot;#29 Kadri Haljas &#8211; Milline on \\u00fcks tervist toetav aeglane m\\u00e4ng?&quot;,&quot;description&quot;:&quot;&lt;p&gt;Uudistame auhinnatud Triumpfland Saga telefonim\\u00e4ngu n\\u00e4itel, millised on sellised telefoni- ja arvutim\\u00e4ngud, mis arendavad meid inimestena ja toetavad meie tervist. Triumf Healthi asutaja Kadri Haljas jagab m\\u00e4nguloomise telgitaguseid ning milline positiivne m\\u00f5ju v\\u00f5ib m\\u00e4ngudel olla.&lt;\\\/p&gt;\\n&quot;,&quot;author&quot;:&quot;AEGEE-Tartu&quot;,&quot;date&quot;:&quot;3rd June 2023&quot;,&quot;link&quot;:&quot;https:\\\/\\\/podcasters.spotify.com\\\/pod\\\/show\\\/aegaon\\\/episodes\\\/29-Kadri-Haljas---Milline-on-ks-tervist-toetav-aeglane-mng-e254ckh&quot;,&quot;src&quot;:&quot;https:\\\/\\\/anchor.fm\\\/s\\\/33121348\\\/podcast\\\/play\\\/71495761\\\/https%3A%2F%2Fd3ctxlq1ktw2nl.cloudfront.net%2Fstaging%2F2023-5-2%2F333076046-44100-2-f511c9e96437b.m4a&quot;,&quot;featured&quot;:&quot;https:\\\/\\\/d3t3ozftmdmh3i.cloudfront.net\\\/staging\\\/podcast_uploaded_episode\\\/8468226\\\/8468226-1685790174898-141307a5c3d41.jpg&quot;,&quot;featured_id&quot;:0,&quot;mediatype&quot;:&quot;audio&quot;,&quot;season&quot;:3,&quot;categories&quot;:[],&quot;duration&quot;:&quot;01:01:16&quot;,&quot;episodetype&quot;:&quot;full&quot;,&quot;timestamp&quot;:1685764829,&quot;key&quot;:&quot;9ea34e638e9c9f463b698e4f0b6476fb&quot;,&quot;fset&quot;:&quot;&quot;,&quot;fratio&quot;:1},&quot;ppe-5798-12&quot;:{&quot;title&quot;:&quot;#28 Inga Lunge &#8211; Kuidas nautida hetki iseendaga?&quot;,&quot;description&quot;:&quot;&lt;p&gt;Inga Lunge v\\u00f5tab imetlusv\\u00e4\\u00e4rsel viisil aega iseendale, ilma kellegi teise infov\\u00e4ljas olemata. Kuidas see v\\u00e4lja n\\u00e4eb, kuidas end maandada igap\\u00e4eva toimetustest, millistel hetkedel endale pause v\\u00f5tta ning kuidas p\\u00e4riselt elu iseendaga nautida &#8211; just sellest Inga oma kogemusi jagabki.&lt;\\\/p&gt;\\n&quot;,&quot;author&quot;:&quot;AEGEE-Tartu&quot;,&quot;date&quot;:&quot;6th May 2023&quot;,&quot;link&quot;:&quot;https:\\\/\\\/podcasters.spotify.com\\\/pod\\\/show\\\/aegaon\\\/episodes\\\/28-Inga-Lunge---Kuidas-nautida-hetki-iseendaga-e23i2mk&quot;,&quot;src&quot;:&quot;https:\\\/\\\/anchor.fm\\\/s\\\/33121348\\\/podcast\\\/play\\\/69847188\\\/https%3A%2F%2Fd3ctxlq1ktw2nl.cloudfront.net%2Fstaging%2F2023-4-5%2F327841219-44100-2-47f365efd4c32.m4a&quot;,&quot;featured&quot;:&quot;https:\\\/\\\/d3t3ozftmdmh3i.cloudfront.net\\\/staging\\\/podcast_uploaded_episode\\\/8468226\\\/8468226-1683364982885-eedfc9081f9d2.jpg&quot;,&quot;featured_id&quot;:0,&quot;mediatype&quot;:&quot;audio&quot;,&quot;season&quot;:3,&quot;categories&quot;:[],&quot;duration&quot;:&quot;57:58&quot;,&quot;episodetype&quot;:&quot;full&quot;,&quot;timestamp&quot;:1683364991,&quot;key&quot;:&quot;ff02585d15ac53a04e13d81f09e1f88a&quot;,&quot;fset&quot;:&quot;&quot;,&quot;fratio&quot;:1},&quot;ppe-5798-13&quot;:{&quot;title&quot;:&quot;#27 Inga Lunge &#8211; Kuidas vabaneda kohustuste koormast?&quot;,&quot;description&quot;:&quot;&lt;p&gt;Aprillikuus k\\u00e4is meil k\\u00fclas armastatud n\\u00e4itleja Inga Lunge!&lt;br \\\/&gt;\\nInga on r\\u00e4\\u00e4kinud sellest, kuidas tema teeb ainult neid asju, mida ta tahab teha!\\ud83e\\udd29 Kuna see tundus meile v\\u00e4ga p\\u00f5nev m\\u00f5te, siis tahtsimegi t\\u00e4psemalt uurida, kuidas ikkagi on v\\u00f5imalik niimoodi elada. Saade ongi inspireeriv sissevaade Inga m\\u00f5ttemaailma ja elamise viisi. \\ud83c\\udf1e&lt;br \\\/&gt;\\nSaates kuuled t\\u00e4psemalt n\\u00e4iteks:&lt;br \\\/&gt;\\n\\ud83d\\udc49Kuidas lasta lahti \\u201epean\\u201c m\\u00f5tteviisist ja kuidas on Inga selle \\u00fcmber m\\u00f5testanud?&lt;br \\\/&gt;\\n\\ud83d\\udc49Positiivsete asjade m\\u00e4rkamisest elus&lt;br \\\/&gt;\\n\\ud83d\\udc49Hetkes kohaolemisest ning huvitavatest seikadest, mida elu Ingani sel moel elades on toonud&lt;br \\\/&gt;\\nPodcasti saab kuulata Spotifys, Apple podcastis, podcast.ee lehel ja AEGEE-Tartu kodukal. Lingi podcasti kuulamiseks leiate meie instagrami biost. \\ud83d\\udc9b&lt;\\\/p&gt;\\n&quot;,&quot;author&quot;:&quot;AEGEE-Tartu&quot;,&quot;date&quot;:&quot;1st April 2023&quot;,&quot;link&quot;:&quot;https:\\\/\\\/podcasters.spotify.com\\\/pod\\\/show\\\/aegaon\\\/episodes\\\/27-Inga-Lunge---Kuidas-vabaneda-kohustuste-koormast-e21errt&quot;,&quot;src&quot;:&quot;https:\\\/\\\/anchor.fm\\\/s\\\/33121348\\\/podcast\\\/play\\\/67644733\\\/https%3A%2F%2Fd3ctxlq1ktw2nl.cloudfront.net%2Fstaging%2F2023-2-31%2F321355168-44100-2-7b6f54cbcfe73.m4a&quot;,&quot;featured&quot;:&quot;https:\\\/\\\/d3t3ozftmdmh3i.cloudfront.net\\\/staging\\\/podcast_uploaded_episode\\\/8468226\\\/8468226-1680340857979-d1832a8f75c7e.jpg&quot;,&quot;featured_id&quot;:0,&quot;mediatype&quot;:&quot;audio&quot;,&quot;season&quot;:3,&quot;categories&quot;:[],&quot;duration&quot;:&quot;01:11:30&quot;,&quot;episodetype&quot;:&quot;full&quot;,&quot;timestamp&quot;:1680331638,&quot;key&quot;:&quot;a79267d88ff24d585251b5f477c02647&quot;,&quot;fset&quot;:&quot;&quot;,&quot;fratio&quot;:1},&quot;ppe-5798-14&quot;:{&quot;title&quot;:&quot;#26 Liisa Aavik &#8211; Kuidas toetab rohem\\u00fcksamine j\\u00e4tkusuutlikumaid valikuid meie \\u00fcmber?&quot;,&quot;description&quot;:&quot;&lt;p&gt;M\\u00e4rtsikuu episoodis on meil k\\u00fclas Liisa Aavik! Liisale on s\\u00fcdamel\\u00e4hedane ps\\u00fchholoogia ning keskkonnateemad ning nende \\u00fchendamisel j\\u00f5udis ta rohem\\u00fcksamiseni. Praegu on Liisa muude p\\u00f5nevate tegemiste hulgas rohem\\u00fcksamise ning j\\u00e4\\u00e4tmeteta eluviisi koolitaja ning just seep\\u00e4rast temaga rohem\\u00fcksamisest juttu tegimegi!&lt;\\\/p&gt;\\n&lt;p&gt;Lihtsalt \\u00f6eldes seisneb rohem\\u00fcksamine selles, et meie igap\\u00e4evaste valikute tegemise keskkond (n\\u00e4iteks kohvikus, poes, m\\u00f5nes avalikus ruumis jne) on disainitud selliselt, et meil oleks lihtne k\\u00e4ituda keskkonnas\\u00f5bralikult. &lt;img alt=\\&quot;\\ud83c\\udf0f\\&quot; height=\\&quot;16\\&quot; src=\\&quot;https:\\\/\\\/static.xx.fbcdn.net\\\/images\\\/emoji.php\\\/v9\\\/t9a\\\/1.5\\\/16\\\/1f30f.png\\&quot; width=\\&quot;16\\&quot; \\\/&gt;&lt;img alt=\\&quot;\\ud83d\\udc9a\\&quot; height=\\&quot;16\\&quot; src=\\&quot;https:\\\/\\\/static.xx.fbcdn.net\\\/images\\\/emoji.php\\\/v9\\\/ted\\\/1.5\\\/16\\\/1f49a.png\\&quot; width=\\&quot;16\\&quot; \\\/&gt;&nbsp;&lt;\\\/p&gt;\\n&lt;p&gt;&lt;img alt=\\&quot;\\ud83d\\udc49\\&quot; height=\\&quot;16\\&quot; src=\\&quot;https:\\\/\\\/static.xx.fbcdn.net\\\/images\\\/emoji.php\\\/v9\\\/taa\\\/1.5\\\/16\\\/1f449.png\\&quot; width=\\&quot;16\\&quot; \\\/&gt;Kuidas selliseid keskkondi disainida?&lt;\\\/p&gt;\\n&lt;p&gt;&lt;img alt=\\&quot;\\ud83d\\udc49\\&quot; height=\\&quot;16\\&quot; src=\\&quot;https:\\\/\\\/static.xx.fbcdn.net\\\/images\\\/emoji.php\\\/v9\\\/taa\\\/1.5\\\/16\\\/1f449.png\\&quot; width=\\&quot;16\\&quot; \\\/&gt;Milline on hea m\\u00fcks?&lt;\\\/p&gt;\\n&lt;p&gt;&lt;img alt=\\&quot;\\ud83d\\udc49\\&quot; height=\\&quot;16\\&quot; src=\\&quot;https:\\\/\\\/static.xx.fbcdn.net\\\/images\\\/emoji.php\\\/v9\\\/taa\\\/1.5\\\/16\\\/1f449.png\\&quot; width=\\&quot;16\\&quot; \\\/&gt;Miks on Schipoli lennujaama pissuaarides k\\u00e4rbsekleepsud &lt;img alt=\\&quot;\\ud83e\\udeb0\\&quot; height=\\&quot;16\\&quot; src=\\&quot;https:\\\/\\\/static.xx.fbcdn.net\\\/images\\\/emoji.php\\\/v9\\\/t20\\\/1.5\\\/16\\\/1fab0.png\\&quot; width=\\&quot;16\\&quot; \\\/&gt;?&lt;\\\/p&gt;\\n&lt;p&gt;Nendele ning ka paljudele teistele k\\u00fcsimustele rohem\\u00fcksamise kohta saad vastused&nbsp;meie v\\u00e4rskes episoodis.&lt;\\\/p&gt;\\n&quot;,&quot;author&quot;:&quot;AEGEE-Tartu&quot;,&quot;date&quot;:&quot;4th March 2023&quot;,&quot;link&quot;:&quot;https:\\\/\\\/podcasters.spotify.com\\\/pod\\\/show\\\/aegaon\\\/episodes\\\/26-Liisa-Aavik---Kuidas-toetab-rohemksamine-jtkusuutlikumaid-valikuid-meie-mber-e1vksun&quot;,&quot;src&quot;:&quot;https:\\\/\\\/anchor.fm\\\/s\\\/33121348\\\/podcast\\\/play\\\/65745303\\\/https%3A%2F%2Fd3ctxlq1ktw2nl.cloudfront.net%2Fstaging%2F2023-1-28%2F315266980-44100-2-d7cb0f3e620ca.m4a&quot;,&quot;featured&quot;:&quot;https:\\\/\\\/d3t3ozftmdmh3i.cloudfront.net\\\/production\\\/podcast_uploaded_episode400\\\/8468226\\\/8468226-1677866667908-a0b72b6ece2cb.jpg&quot;,&quot;featured_id&quot;:0,&quot;mediatype&quot;:&quot;audio&quot;,&quot;season&quot;:3,&quot;categories&quot;:[],&quot;duration&quot;:&quot;53:19&quot;,&quot;episodetype&quot;:&quot;full&quot;,&quot;timestamp&quot;:1677906016,&quot;key&quot;:&quot;8c13b8972266d7ae2c87fcb1a4679ede&quot;,&quot;fset&quot;:&quot;&quot;,&quot;fratio&quot;:1},&quot;ppe-5798-15&quot;:{&quot;title&quot;:&quot;#25 Katrin Bats &#8211; Kuidas teha vastutustundlikke valikuid toidupoes?&quot;,&quot;description&quot;:&quot;&lt;p&gt;Veebruarikuu episoodis v\\u00f5tame luubi alla tarbimise ja selle vastutustundlikkuse. Sestap vestleme Katrin Batsiga, Rimi Eesti vastutustundliku ettev\\u00f5tluse juhiga.&nbsp;&lt;\\\/p&gt;\\n&lt;p&gt;Katrin Bats on ps\\u00fchholoogia ja kommunikatsiooni taustaga ning tema s\\u00fcdameasjaks on j\\u00e4tkusuutlikkus. Just seet\\u00f5ttu seisiski ta Rimis sellise positsiooni loomise eest, kus tal on v\\u00f5imalik poeketi j\\u00e4tkusuutlikkusse panustada.&lt;\\\/p&gt;\\n&lt;p&gt;Saates kuuled n\\u00e4iteks:&lt;br \\\/&gt;\\n\\ud83e\\udd66millised on suurimad v\\u00e4ljakutsed poeketi jaoks vastutustundlike valikute tegemisel&lt;br \\\/&gt;\\n\\ud83c\\udf53milline v\\u00f5iks olla ideaalne pood 5 aasta p\\u00e4rast&lt;br \\\/&gt;\\n\\ud83c\\udf4dmillised nutikad lahendused on Rimis kasutusele v\\u00f5etud keskkonnaprobleemide ennetamiseks&lt;\\\/p&gt;\\n&lt;p&gt;Kuula ja avasta tarbimisteemasid toidupoe vaatest!&lt;\\\/p&gt;\\n&quot;,&quot;author&quot;:&quot;AEGEE-Tartu&quot;,&quot;date&quot;:&quot;4th February 2023&quot;,&quot;link&quot;:&quot;https:\\\/\\\/podcasters.spotify.com\\\/pod\\\/show\\\/aegaon\\\/episodes\\\/25-Katrin-Bats---Kuidas-teha-vastutustundlikke-valikuid-toidupoes-e1ucsgo&quot;,&quot;src&quot;:&quot;https:\\\/\\\/anchor.fm\\\/s\\\/33121348\\\/podcast\\\/play\\\/64434136\\\/https%3A%2F%2Fd3ctxlq1ktw2nl.cloudfront.net%2Fstaging%2F2023-1-3%2F310811003-44100-2-66d7f7200e143.m4a&quot;,&quot;featured&quot;:&quot;https:\\\/\\\/d3t3ozftmdmh3i.cloudfront.net\\\/production\\\/podcast_uploaded_episode400\\\/8468226\\\/8468226-1675508764672-8fc86903090c3.jpg&quot;,&quot;featured_id&quot;:0,&quot;mediatype&quot;:&quot;audio&quot;,&quot;season&quot;:3,&quot;categories&quot;:[],&quot;duration&quot;:&quot;01:05:42&quot;,&quot;episodetype&quot;:&quot;full&quot;,&quot;timestamp&quot;:1675483203,&quot;key&quot;:&quot;2d9aa0ec5fbad31887f445922acce0d4&quot;,&quot;fset&quot;:&quot;&quot;,&quot;fratio&quot;:1},&quot;ppe-5798-16&quot;:{&quot;title&quot;:&quot;#24 Nelli Jung &#8211; Kuidas teadveloleku harjutuste abil luua oma ellu rohkem meelerahu?&quot;,&quot;description&quot;:&quot;&lt;p&gt;Sooviksid puhkehetke m\\u00f5ju kasvatada? Kutsusime k\\u00fclla Vaikuseminutite MT\\u00dc tegevjuhi Nelli Jungi, kes jagas meile nippe, kuidas teadveloleku harjutustest maksimumi v\\u00f5tta ja seel\\u00e4bi inimesena kasvada r\\u00f5\\u00f5msamaks, tasakaalukamaks ja efektiivsemaks. Kuula saadet ja saa teada miks veel oma &#8220;teadveloleku musklit&#8221; treenida ning kuidas harjutamisega algust teha.&lt;\\\/p&gt;\\n&quot;,&quot;author&quot;:&quot;AEGEE-Tartu&quot;,&quot;date&quot;:&quot;7th January 2023&quot;,&quot;link&quot;:&quot;https:\\\/\\\/podcasters.spotify.com\\\/pod\\\/show\\\/aegaon\\\/episodes\\\/24-Nelli-Jung---Kuidas-teadveloleku-harjutuste-abil-luua-oma-ellu-rohkem-meelerahu-e1t5gjv&quot;,&quot;src&quot;:&quot;https:\\\/\\\/anchor.fm\\\/s\\\/33121348\\\/podcast\\\/play\\\/63143999\\\/https%3A%2F%2Fd3ctxlq1ktw2nl.cloudfront.net%2Fstaging%2F2023-0-7%2F306350216-44100-2-2fb0b82f89a93.m4a&quot;,&quot;featured&quot;:&quot;https:\\\/\\\/d3t3ozftmdmh3i.cloudfront.net\\\/production\\\/podcast_uploaded_episode400\\\/8468226\\\/8468226-1673017008216-b1fd40228604f.jpg&quot;,&quot;featured_id&quot;:0,&quot;mediatype&quot;:&quot;audio&quot;,&quot;season&quot;:3,&quot;categories&quot;:[],&quot;duration&quot;:&quot;01:03:14&quot;,&quot;episodetype&quot;:&quot;full&quot;,&quot;timestamp&quot;:1673067616,&quot;key&quot;:&quot;0b5ceb1fbc16ae90cf70f2c201a6fcde&quot;,&quot;fset&quot;:&quot;&quot;,&quot;fratio&quot;:1},&quot;ppe-5798-17&quot;:{&quot;title&quot;:&quot;#23 Tiina Saar Veelmaa &#8211; Kuidas t\\u00f6\\u00f6kollektiivis aeglustada?&quot;,&quot;description&quot;:&quot;&lt;p&gt;Kas t\\u00f6\\u00f6elu aeglustamine on k\\u00f5ikides ettev\\u00f5tetes v\\u00f5imalik?\\u00a0&lt;br \\\/&gt;\\nK\\u00fclas on t\\u00f6\\u00f6ps\\u00fchholoog ja t\\u00f6\\u00f6 \\u00f5nne uurija Tiina Saar-Veelmaa. Arutame, miks on t\\u00f6\\u00f6kohal aeglustamine keeruline, kuid v\\u00e4ga vajalik. Samuti saame vestlusest teada, millised v\\u00f5imalused meil t\\u00f6\\u00f6l aeglustamiseks on. Kuula ja nopi v\\u00e4lja sinu t\\u00f6\\u00f6kohale sobituvad nipid.\\u00a0&lt;br \\\/&gt;\\nSaate salvestasime hubases Iglupargis.&lt;\\\/p&gt;\\n&quot;,&quot;author&quot;:&quot;AEGEE-Tartu&quot;,&quot;date&quot;:&quot;3rd December 2022&quot;,&quot;link&quot;:&quot;https:\\\/\\\/podcasters.spotify.com\\\/pod\\\/show\\\/aegaon\\\/episodes\\\/23-Tiina-Saar-Veelmaa---Kuidas-tkollektiivis-aeglustada-e1rl45b&quot;,&quot;src&quot;:&quot;https:\\\/\\\/anchor.fm\\\/s\\\/33121348\\\/podcast\\\/play\\\/61558379\\\/https%3A%2F%2Fd3ctxlq1ktw2nl.cloudfront.net%2Fstaging%2F2022-11-2%2F300630654-44100-2-de3a18716eece.m4a&quot;,&quot;featured&quot;:&quot;https:\\\/\\\/d3t3ozftmdmh3i.cloudfront.net\\\/production\\\/podcast_uploaded_episode\\\/8468226\\\/8468226-1670170425767-28d1dae9edcfa.jpg&quot;,&quot;featured_id&quot;:0,&quot;mediatype&quot;:&quot;audio&quot;,&quot;season&quot;:3,&quot;categories&quot;:[],&quot;duration&quot;:&quot;01:12:10&quot;,&quot;episodetype&quot;:&quot;full&quot;,&quot;timestamp&quot;:1670043658,&quot;key&quot;:&quot;f71470599e659ec23584a7591110e7c2&quot;,&quot;fset&quot;:&quot;&quot;,&quot;fratio&quot;:1},&quot;ppe-5798-18&quot;:{&quot;title&quot;:&quot;#22 Birgit J\\u00fcrgenson &#8211; Kuidas \\u00fcletada takistusi oma elutempo aeglustamisel?&quot;,&quot;description&quot;:&quot;&lt;p&gt;Tunned, et teoorias tahaks oma elutempot aeglustada, aga praktikas ei tule v\\u00e4lja? K\\u00fcsime coach Birgit J\\u00fcrgensonilt, kuidas oma sisemisi takistusi \\u00fcletada ja m\\u00f5ttemustreid murda. &nbsp;&nbsp;Saate salvestasime m\\u00f5nusas Iglupargi kontoris.&lt;\\\/p&gt;\\n&quot;,&quot;author&quot;:&quot;AEGEE-Tartu&quot;,&quot;date&quot;:&quot;5th November 2022&quot;,&quot;link&quot;:&quot;https:\\\/\\\/podcasters.spotify.com\\\/pod\\\/show\\\/aegaon\\\/episodes\\\/22-Birgit-Jrgenson---Kuidas-letada-takistusi-oma-elutempo-aeglustamisel-e1q7tj3&quot;,&quot;src&quot;:&quot;https:\\\/\\\/anchor.fm\\\/s\\\/33121348\\\/podcast\\\/play\\\/60077091\\\/https%3A%2F%2Fd3ctxlq1ktw2nl.cloudfront.net%2Fstaging%2F2022-10-4%2F294963314-44100-2-3921e87d2e358.m4a&quot;,&quot;featured&quot;:&quot;https:\\\/\\\/d3t3ozftmdmh3i.cloudfront.net\\\/production\\\/podcast_uploaded_episode\\\/8468226\\\/8468226-1669717249520-07a9d157c5d42.jpg&quot;,&quot;featured_id&quot;:0,&quot;mediatype&quot;:&quot;audio&quot;,&quot;season&quot;:3,&quot;categories&quot;:[],&quot;duration&quot;:&quot;58:10&quot;,&quot;episodetype&quot;:&quot;full&quot;,&quot;timestamp&quot;:1667624433,&quot;key&quot;:&quot;df41a4e8efe740475f26006f5896eee9&quot;,&quot;fset&quot;:&quot;&quot;,&quot;fratio&quot;:1},&quot;ppe-5798-19&quot;:{&quot;title&quot;:&quot;#21 Merili Ginter ja Erkki Kubber &#8211; Kuidas luua j\\u00e4tkusuutlikku m\\u00f5ju?&quot;,&quot;description&quot;:&quot;&lt;p&gt;Vestleme Impact Day ellukutsujate Merili Ginteri ja Erkki Kubberiga m\\u00f5ju loomisest. Kuidas oma ettev\\u00f5tmistes tagada j\\u00e4tkusuutlik positiivne m\\u00f5ju ning millest alustada? Kuula j\\u00e4rgi ja saad teada!&lt;\\\/p&gt;\\n&quot;,&quot;author&quot;:&quot;AEGEE-Tartu&quot;,&quot;date&quot;:&quot;1st October 2022&quot;,&quot;link&quot;:&quot;https:\\\/\\\/podcasters.spotify.com\\\/pod\\\/show\\\/aegaon\\\/episodes\\\/21-Merili-Ginter-ja-Erkki-Kubber---Kuidas-luua-jtkusuutlikku-mju-e1ocv6u&quot;,&quot;src&quot;:&quot;https:\\\/\\\/anchor.fm\\\/s\\\/33121348\\\/podcast\\\/play\\\/58145438\\\/https%3A%2F%2Fd3ctxlq1ktw2nl.cloudfront.net%2Fstaging%2F2022-8-30%2F288553460-44100-2-22c651621e7bf.m4a&quot;,&quot;featured&quot;:&quot;https:\\\/\\\/d3t3ozftmdmh3i.cloudfront.net\\\/production\\\/podcast_uploaded_episode\\\/8468226\\\/8468226-1664550730710-3225884520d47.jpg&quot;,&quot;featured_id&quot;:0,&quot;mediatype&quot;:&quot;audio&quot;,&quot;season&quot;:3,&quot;categories&quot;:[],&quot;duration&quot;:&quot;58:55&quot;,&quot;episodetype&quot;:&quot;full&quot;,&quot;timestamp&quot;:1664593232,&quot;key&quot;:&quot;38b5e22b49b58a559bcb725d082efc83&quot;,&quot;fset&quot;:&quot;&quot;,&quot;fratio&quot;:1},&quot;ppe-5798-20&quot;:{&quot;title&quot;:&quot;Miniepisood &#8211; Mida toob AEGA ON 3. hooaeg ning kuidas saate panustada taskuh\\u00e4\\u00e4lingu arengusse?&quot;,&quot;description&quot;:&quot;&lt;p&gt;Tutvustame kolmanda hooaja tausta ning jagame 4 m\\u00f5tet, kuidas saate panustada, et taskuh\\u00e4\\u00e4ling teile ka tulevikus parimat v\\u00e4\\u00e4rtust looks.&lt;\\\/p&gt;\\n&quot;,&quot;author&quot;:&quot;AEGEE-Tartu&quot;,&quot;date&quot;:&quot;26th September 2022&quot;,&quot;link&quot;:&quot;https:\\\/\\\/podcasters.spotify.com\\\/pod\\\/show\\\/aegaon\\\/episodes\\\/Miniepisood---Mida-toob-AEGA-ON-3--hooaeg-ning-kuidas-saate-panustada-taskuhlingu-arengusse-e1ocuvq&quot;,&quot;src&quot;:&quot;https:\\\/\\\/anchor.fm\\\/s\\\/33121348\\\/podcast\\\/play\\\/58145210\\\/https%3A%2F%2Fd3ctxlq1ktw2nl.cloudfront.net%2Fstaging%2F2022-8-26%2Fb259c0d6-02dd-1ec5-9743-b8a8edad8b74.mp3&quot;,&quot;featured&quot;:&quot;https:\\\/\\\/d3t3ozftmdmh3i.cloudfront.net\\\/production\\\/podcast_uploaded_episode\\\/8468226\\\/8468226-1664219892915-0ae517901bfab.jpg&quot;,&quot;featured_id&quot;:0,&quot;mediatype&quot;:&quot;audio&quot;,&quot;season&quot;:0,&quot;categories&quot;:[],&quot;duration&quot;:&quot;05:29&quot;,&quot;episodetype&quot;:&quot;full&quot;,&quot;timestamp&quot;:1664219415,&quot;key&quot;:&quot;8da9fe77ee77c9862d6d0d2cc990eeef&quot;,&quot;fset&quot;:&quot;&quot;,&quot;fratio&quot;:1},&quot;load_info&quot;:{&quot;loaded&quot;:20,&quot;displayed&quot;:10,&quot;offset&quot;:0,&quot;maxItems&quot;:42,&quot;src&quot;:&quot;d3a96324415d91ec2821bef8c8665321&quot;,&quot;step&quot;:10,&quot;sortby&quot;:&quot;sort_date_desc&quot;,&quot;filterby&quot;:&quot;&quot;,&quot;fixed&quot;:&quot;&quot;,&quot;args&quot;:{&quot;imgurl&quot;:&quot;https:\\\/\\\/d3t3ozftmdmh3i.cloudfront.net\\\/staging\\\/podcast_uploaded_nologo\\\/8468226\\\/8468226-1699031788618-b693d2ea345f4.jpg&quot;,&quot;imgset&quot;:&quot;&quot;,&quot;display&quot;:&quot;&quot;,&quot;hddesc&quot;:0,&quot;hdfeat&quot;:0,&quot;oricov&quot;:&quot;https:\\\/\\\/d3t3ozftmdmh3i.cloudfront.net\\\/staging\\\/podcast_uploaded_nologo\\\/8468226\\\/8468226-1699031788618-b693d2ea345f4.jpg&quot;,&quot;elength&quot;:18}},&quot;rdata&quot;:{&quot;permalink&quot;:&quot;https:\\\/\\\/aegee-tartu.ee\\\/en\\\/wp-json\\\/wp\\\/v2\\\/pages\\\/1591&quot;,&quot;fprint&quot;:&quot;d3a96324415d91ec2821bef8c8665321&quot;,&quot;from&quot;:&quot;feedurl&quot;,&quot;elen&quot;:18,&quot;eunit&quot;:&quot;&quot;,&quot;teaser&quot;:&quot;&quot;,&quot;title&quot;:&quot;&quot;,&quot;autoplay&quot;:&quot;&quot;}}\"><div class=\"pp-podcast__wrapper\"><div class=\"pp-podcast__info pod-info\"><div class=\"pod-info__header pod-header\"><div class=\"pod-header__image\"><div class=\"pod-header__image-wrapper\"><img decoding=\"async\" class=\"podcast-cover-image\" src=\"https:\/\/d3t3ozftmdmh3i.cloudfront.net\/staging\/podcast_uploaded_nologo\/8468226\/8468226-1699031788618-b693d2ea345f4.jpg\" srcset=\"\" sizes=\"(max-width: 640px) 100vw, 25vw\" alt=\"\"><\/div><span class=\"pod-header__image-style\" style=\"display: block; width: 100%; padding-top: 100%\"><\/div><div class=\"pod-header__items pod-items\"><div class=\"pod-items__desc\"><p>&#8220;AEGA ON!&#8221; podcastis arutame inspireeritult SLOW-liikumisest kuidas oma elus aega maha v\u00f5tta ning oma tegevustes hinnata pigem kvaliteeti kui kvantiteeti. Seda ikka selleks, et hoida nii enda tervist kui ka looduskeskkonda meie \u00fcmber \ud83d\ude09 Podcasti tagasiside link: bit.do\/aegaon. Projekti toetab SA Archimedese noorteagentuur Euroopa Solidaarsuskorpuse programmist.<\/p>\n<\/div><div class=\"pod-items__navi-menu\"><a href=\"https:\/\/open.spotify.com\/show\/07E0GwseIapQmcFkz9scbO?si=zGmMfCLrQX64qrWnMH1oxA\" class=\"subscribe-item pp-badge spotify-sub\" target=\"_blank\"><span class=\"sub-text\"><span class=\"sub-listen-text\">Listen On<\/span><\/span><svg class=\"icon icon-pp-spotify\" aria-hidden=\"true\" role=\"img\" focusable=\"false\"><use href=\"#icon-pp-spotify\" xlink:href=\"#icon-pp-spotify\"><\/use><\/svg><span class=\"sub-text\"><span class=\"sub-item-text\">Spotify<\/span><\/span><\/a><\/div><\/div><\/div><\/div><div class=\"pp-podcast__content pod-content\"><div class=\"pp-podcast__single\"><div class=\"pp-podcast__player\"><div class=\"pp-player-episode\"><audio id=\"pp-podcast-5798-player\" preload=\"none\" class=\"pp-podcast-episode\" style=\"width: 100%;\" controls=\"controls\"><source type=\"audio\/mpeg\" src=\"https:\/\/anchor.fm\/s\/33121348\/podcast\/play\/115978318\/https%3A%2F%2Fd3ctxlq1ktw2nl.cloudfront.net%2Fstaging%2F2026-1-24%2F583ba66e-ccba-3b56-8b07-1a53c1fd4ee5.mp3\" \/><\/audio><\/div><\/div><div class=\"pod-content__episode episode-single\"><button class=\"episode-single__close\" aria-expanded=\"false\" aria-label=\"Close Single Episode\"><span class=\"btn-icon-wrap\"><svg class=\"icon icon-pp-x\" aria-hidden=\"true\" role=\"img\" focusable=\"false\"><use href=\"#icon-pp-x\" xlink:href=\"#icon-pp-x\"><\/use><\/svg><\/span><\/button><div class=\"episode-single__wrapper\"><div class=\"episode-single__header\"><div class=\"episode-single__title\">#39 Avalik salvestus: Triin Vihalemm (T\u00dc sotsioloog) &#8211; Kuidas suhestuvad ajaga erinevad p\u00f5lvkonnad?<\/div><div class=\"episode-single__author\"><span class=\"byname\">by<\/span><span class=\"single-author\">AEGEE-Tartu<\/span><\/div><\/div><div class=\"episode-single__description\"><p>Kuidas erineb eri p\u00f5lvkondade suhe ajaga ning milliseid v\u00e4ljakutsed need erisused toovad? Suhtleme Tartu \u00dclikooli kommunikatsiooniuuringute professoriga ning otsime muu hulgas vastust ka k\u00fcsimusele, kuidas m\u00f5elda ajast ning milline aja kasutus teeb inimesi \u00f5nnelikumaks.<\/p><p><\/p><p>Saade on salvestatud <a href=\"https:\/\/adamson-eric.ekm.ee\/\" target=\"_blank\" rel=\"noopener noreferer\">Adamson-Ericu muuseumis<\/a> osana n\u00e4ituse &#8221;Aegluse poliitika&#8221; publikuprogrammist.<\/p><p><\/p><p>Saates tutvustatud Eesti \u00fchiskonna liikmete ajakasutussuutlikkuse t\u00fcpoloogiat saab p\u00f5hjalikumalt uurida: <a href=\"https:\/\/www.researchgate.net\/publication\/361450476_KUST_TULEVAD_MUUTUSED_JA_KUHU_KAOB_AEG_MOOTES_JA_MOTESTADES_EESTI_UHISKONDA\" target=\"_blank\" rel=\"noopener noreferer\">https:\/\/www.researchgate.net\/publication\/361450476_KUST_TULEVAD_MUUTUSED_JA_KUHU_KAOB_AEG_MOOTES_JA_MOTESTADES_EESTI_UHISKONDA<\/a><\/p><p><\/p><\/p><\/div><\/div><div class=\"ppjs__img-wrapper\"><div class=\"ppjs__img-btn-cover\"><img decoding=\"async\" class=\"ppjs__img-btn\" src=\"https:\/\/d3t3ozftmdmh3i.cloudfront.net\/staging\/podcast_uploaded_nologo\/8468226\/8468226-1699031788618-b693d2ea345f4.jpg\" srcset=\"\" sizes=\"(max-width: 640px) 100vw, 300px\" alt=\"#39 Avalik salvestus: Triin Vihalemm (T\u00dc sotsioloog) &#8211; Kuidas suhestuvad ajaga erinevad p\u00f5lvkonnad?\"><\/div><div><span class=\"ppjs__img-btn-style\" style=\"display: block; width: 100%; padding-top: 100%\"><\/div><\/div><\/div><\/div><div class=\"pod-content__list episode-list\"><div class=\"episode-list__filters\"><div class=\"episode-list__search\"><label class=\"label-episode-search\"><span class=\"ppjs__offscreen\">Search Episodes<\/span><input type=\"text\" placeholder=\"Search Episodes\" title=\"Search Podcast Episodes\"\/><\/label><span class=\"episode-list__search-icon\"><svg class=\"icon icon-pp-search\" aria-hidden=\"true\" role=\"img\" focusable=\"false\"><use href=\"#icon-pp-search\" xlink:href=\"#icon-pp-search\"><\/use><\/svg><\/span><\/div><button class=\"episode-list__clear-search pod-button\"><svg class=\"icon icon-pp-x\" aria-hidden=\"true\" role=\"img\" focusable=\"false\"><use href=\"#icon-pp-x\" xlink:href=\"#icon-pp-x\"><\/use><\/svg><span class=\"ppjs__offscreen\">Clear Search<\/span><\/button><\/div><div class=\"episode-list__wrapper\">\n<div id=\"ppe-5798-1\" class=\"episode-list__entry pod-entry\" data-search-term=\"#39 avalik salvestus: triin vihalemm (t\u00dc sotsioloog) &#8211; kuidas suhestuvad ajaga erinevad p\u00f5lvkonnad?\" data-cats=\"\">\n\t<div class=\"pod-entry__wrapper\">\n\t\t<div class=\"pod-entry__content\">\n\t\t\t<div class=\"pod-entry__title\">\n\t\t\t\t<a href=\"https:\/\/podcasters.spotify.com\/pod\/show\/aegaon\/episodes\/39-Avalik-salvestus-Triin-Vihalemm-T-sotsioloog---Kuidas-suhestuvad-ajaga-erinevad-plvkonnad-e3fhske\">#39 Avalik salvestus: Triin Vihalemm (T\u00dc sotsioloog) &#8211; Kuidas suhestuvad ajaga erinevad p\u00f5lvkonnad?<\/a>\n\t\t\t<\/div>\n\t\t\t<div class=\"pod-entry__date\">25th February 2026<\/div>\n\t\t\t\t\t\t\t<div class=\"pod-entry__author\">AEGEE-Tartu<\/div>\n\t\t\t\t\t<\/div>\n\t<\/div>\n<\/div>\n\n<div id=\"ppe-5798-2\" class=\"episode-list__entry pod-entry\" data-search-term=\"#37 uku vainik (tartu \u00dclikooli k\u00e4itumisgeneetika kaasprofessor) &#8211; kuidas meie toitumisvalikud m\u00f5jutavad meie tervist?\" data-cats=\"s-4\">\n\t<div class=\"pod-entry__wrapper\">\n\t\t<div class=\"pod-entry__content\">\n\t\t\t<div class=\"pod-entry__title\">\n\t\t\t\t<a href=\"https:\/\/podcasters.spotify.com\/pod\/show\/aegaon\/episodes\/37-Uku-Vainik-Tartu-likooli-kitumisgeneetika-kaasprofessor---kuidas-meie-toitumisvalikud-mjutavad-meie-tervist-e2j6uj9\">#37 Uku Vainik (Tartu \u00dclikooli k\u00e4itumisgeneetika kaasprofessor) &#8211; kuidas meie toitumisvalikud m\u00f5jutavad meie tervist?<\/a>\n\t\t\t<\/div>\n\t\t\t<div class=\"pod-entry__date\">4th May 2024<\/div>\n\t\t\t\t\t\t\t<div class=\"pod-entry__author\">AEGEE-Tartu<\/div>\n\t\t\t\t\t<\/div>\n\t<\/div>\n<\/div>\n\n<div id=\"ppe-5798-3\" class=\"episode-list__entry pod-entry\" data-search-term=\"#36 tuuli hirvel\u00e4 (mt\u00dc slow flowers estonia) &#8211; miks ja kuidas valida aeglaseid lilli?\" data-cats=\"s-4\">\n\t<div class=\"pod-entry__wrapper\">\n\t\t<div class=\"pod-entry__content\">\n\t\t\t<div class=\"pod-entry__title\">\n\t\t\t\t<a href=\"https:\/\/podcasters.spotify.com\/pod\/show\/aegaon\/episodes\/36-Tuuli-Hirvel-MT-Slow-Flowers-Estonia---Miks-ja-kuidas-valida-aeglaseid-lilli-e2i1ikf\">#36 Tuuli Hirvel\u00e4 (MT\u00dc Slow Flowers Estonia) &#8211; Miks ja kuidas valida aeglaseid lilli?<\/a>\n\t\t\t<\/div>\n\t\t\t<div class=\"pod-entry__date\">6th April 2024<\/div>\n\t\t\t\t\t\t\t<div class=\"pod-entry__author\">AEGEE-Tartu<\/div>\n\t\t\t\t\t<\/div>\n\t<\/div>\n<\/div>\n\n<div id=\"ppe-5798-4\" class=\"episode-list__entry pod-entry\" data-search-term=\"#35 annika tamme (seksuoloog) &#8211; kuidas v\u00f5tta aega seksist r\u00e4\u00e4kimiseks?\" data-cats=\"s-4\">\n\t<div class=\"pod-entry__wrapper\">\n\t\t<div class=\"pod-entry__content\">\n\t\t\t<div class=\"pod-entry__title\">\n\t\t\t\t<a href=\"https:\/\/podcasters.spotify.com\/pod\/show\/aegaon\/episodes\/35-Annika-Tamme-seksuoloog---Kuidas-vtta-aega-seksist-rkimiseks-e2ggvkc\">#35 Annika Tamme (seksuoloog) &#8211; Kuidas v\u00f5tta aega seksist r\u00e4\u00e4kimiseks?<\/a>\n\t\t\t<\/div>\n\t\t\t<div class=\"pod-entry__date\">2nd March 2024<\/div>\n\t\t\t\t\t\t\t<div class=\"pod-entry__author\">AEGEE-Tartu<\/div>\n\t\t\t\t\t<\/div>\n\t<\/div>\n<\/div>\n\n<div id=\"ppe-5798-5\" class=\"episode-list__entry pod-entry\" data-search-term=\"#34 liisi org (latitude59 peakorraldaja) &#8211; kuidas startup maailmas l\u00e4bip\u00f5lemist ennetada?\" data-cats=\"s-4\">\n\t<div class=\"pod-entry__wrapper\">\n\t\t<div class=\"pod-entry__content\">\n\t\t\t<div class=\"pod-entry__title\">\n\t\t\t\t<a href=\"https:\/\/podcasters.spotify.com\/pod\/show\/aegaon\/episodes\/34-Liisi-Org-Latitude59-peakorraldaja---Kuidas-startup-maailmas-lbiplemist-ennetada-e2f924i\">#34 Liisi Org (Latitude59 peakorraldaja) &#8211; Kuidas startup maailmas l\u00e4bip\u00f5lemist ennetada?<\/a>\n\t\t\t<\/div>\n\t\t\t<div class=\"pod-entry__date\">4th February 2024<\/div>\n\t\t\t\t\t\t\t<div class=\"pod-entry__author\">AEGEE-Tartu<\/div>\n\t\t\t\t\t<\/div>\n\t<\/div>\n<\/div>\n\n<div id=\"ppe-5798-6\" class=\"episode-list__entry pod-entry\" data-search-term=\"#33 britt velling (&#8220;perekondame&#8221; saatejuht) &#8211; kuidas peres stressiga paremini toime tulla ja peresuhteid tugevdada?\" data-cats=\"s-4\">\n\t<div class=\"pod-entry__wrapper\">\n\t\t<div class=\"pod-entry__content\">\n\t\t\t<div class=\"pod-entry__title\">\n\t\t\t\t<a href=\"https:\/\/podcasters.spotify.com\/pod\/show\/aegaon\/episodes\/33-Britt-Velling-Perekondame-saatejuht---Kuidas-peres-stressiga-paremini-toime-tulla-ja-peresuhteid-tugevdada-e2e29rl\">#33 Britt Velling (&#8220;Perekondame&#8221; saatejuht) &#8211; Kuidas peres stressiga paremini toime tulla ja peresuhteid tugevdada?<\/a>\n\t\t\t<\/div>\n\t\t\t<div class=\"pod-entry__date\">14th January 2024<\/div>\n\t\t\t\t\t\t\t<div class=\"pod-entry__author\">AEGEE-Tartu<\/div>\n\t\t\t\t\t<\/div>\n\t<\/div>\n<\/div>\n\n<div id=\"ppe-5798-7\" class=\"episode-list__entry pod-entry\" data-search-term=\"#32 rahel otsa (rahel otsa improkooli juht) &#8211; kuidas arendada oskusi, et ootamatustega paremini toime tulla?\" data-cats=\"s-4\">\n\t<div class=\"pod-entry__wrapper\">\n\t\t<div class=\"pod-entry__content\">\n\t\t\t<div class=\"pod-entry__title\">\n\t\t\t\t<a href=\"https:\/\/podcasters.spotify.com\/pod\/show\/aegaon\/episodes\/32-Rahel-Otsa-Rahel-Otsa-Improkooli-juht---Kuidas-arendada-oskusi--et-ootamatustega-paremini-toime-tulla-e2ckbij\">#32 Rahel Otsa (Rahel Otsa Improkooli juht) &#8211; Kuidas arendada oskusi, et ootamatustega paremini toime tulla?<\/a>\n\t\t\t<\/div>\n\t\t\t<div class=\"pod-entry__date\">2nd December 2023<\/div>\n\t\t\t\t\t\t\t<div class=\"pod-entry__author\">AEGEE-Tartu<\/div>\n\t\t\t\t\t<\/div>\n\t<\/div>\n<\/div>\n\n<div id=\"ppe-5798-8\" class=\"episode-list__entry pod-entry\" data-search-term=\"#31 indrek maripuu (loovusaida konsultant) &#8211; kuidas v\u00f5tta aega loovuse turgutamiseks?\" data-cats=\"s-4\">\n\t<div class=\"pod-entry__wrapper\">\n\t\t<div class=\"pod-entry__content\">\n\t\t\t<div class=\"pod-entry__title\">\n\t\t\t\t<a href=\"https:\/\/podcasters.spotify.com\/pod\/show\/aegaon\/episodes\/31-Indrek-Maripuu-Loovusaida-konsultant---Kuidas-vtta-aega-loovuse-turgutamiseks-e2begf7\">#31 Indrek Maripuu (Loovusaida konsultant) &#8211; Kuidas v\u00f5tta aega loovuse turgutamiseks?<\/a>\n\t\t\t<\/div>\n\t\t\t<div class=\"pod-entry__date\">4th November 2023<\/div>\n\t\t\t\t\t\t\t<div class=\"pod-entry__author\">AEGEE-Tartu<\/div>\n\t\t\t\t\t<\/div>\n\t<\/div>\n<\/div>\n\n<div id=\"ppe-5798-9\" class=\"episode-list__entry pod-entry\" data-search-term=\"aigu om eri: kadri treial &#8211; kuidas v\u00f5tta aega noorte vaimse tervise toetamiseks?\" data-cats=\"s-3\">\n\t<div class=\"pod-entry__wrapper\">\n\t\t<div class=\"pod-entry__content\">\n\t\t\t<div class=\"pod-entry__title\">\n\t\t\t\t<a href=\"https:\/\/podcasters.spotify.com\/pod\/show\/aegaon\/episodes\/AIGU-OM-ERI-Kadri-Treial---Kuidas-vtta-aega-noorte-vaimse-tervise-toetamiseks-e27p014\">AIGU OM ERI: Kadri Treial &#8211; Kuidas v\u00f5tta aega noorte vaimse tervise toetamiseks?<\/a>\n\t\t\t<\/div>\n\t\t\t<div class=\"pod-entry__date\">5th August 2023<\/div>\n\t\t\t\t\t\t\t<div class=\"pod-entry__author\">AEGEE-Tartu<\/div>\n\t\t\t\t\t<\/div>\n\t<\/div>\n<\/div>\n\n<div id=\"ppe-5798-10\" class=\"episode-list__entry pod-entry\" data-search-term=\"#30 maret kesk\u00fcla &#8211; mida on meil \u00f5ppida aeglase elustiili liikumisest?\" data-cats=\"s-3\">\n\t<div class=\"pod-entry__wrapper\">\n\t\t<div class=\"pod-entry__content\">\n\t\t\t<div class=\"pod-entry__title\">\n\t\t\t\t<a href=\"https:\/\/podcasters.spotify.com\/pod\/show\/aegaon\/episodes\/30-Maret-Keskla---Mida-on-meil-ppida-aeglase-elustiili-liikumisest-e26ct9t\">#30 Maret Kesk\u00fcla &#8211; Mida on meil \u00f5ppida aeglase elustiili liikumisest?<\/a>\n\t\t\t<\/div>\n\t\t\t<div class=\"pod-entry__date\">1st July 2023<\/div>\n\t\t\t\t\t\t\t<div class=\"pod-entry__author\">AEGEE-Tartu<\/div>\n\t\t\t\t\t<\/div>\n\t<\/div>\n<\/div>\n<div class=\"lm-button-wrapper\"><button class=\"episode-list__load-more\"><span>Load More<\/span><\/button><\/div><div class=\"episode-list__search-results episode-search\"><span class=\"ppjs__offscreen\">Search Results placeholder<\/span><\/div><\/div><\/div><div class=\"ppjs__list-reveal\"><div class=\"ppjs__button\"><button class=\"pp-prev-btn\"><span class=\"ppjs__offscreen\">Previous Episode<\/span><span class=\"btn-icon-wrap\"><svg class=\"icon icon-pp-previous\" aria-hidden=\"true\" role=\"img\" focusable=\"false\"><use href=\"#icon-pp-previous\" xlink:href=\"#icon-pp-previous\"><\/use><\/svg><\/span><\/button><\/div><div class=\"ppjs__button\"><button class=\"pp-list-btn\"><span class=\"ppjs__offscreen\">Show Episodes List<\/span><span class=\"btn-icon-wrap\"><svg class=\"icon icon-pp-show-list\" aria-hidden=\"true\" role=\"img\" focusable=\"false\"><use href=\"#icon-pp-show-list\" xlink:href=\"#icon-pp-show-list\"><\/use><\/svg><svg class=\"icon icon-pp-hide-list\" aria-hidden=\"true\" role=\"img\" focusable=\"false\"><use href=\"#icon-pp-hide-list\" xlink:href=\"#icon-pp-hide-list\"><\/use><\/svg><\/span><\/button><\/div><div class=\"ppjs__button\"><button class=\"pp-next-btn\"><span class=\"ppjs__offscreen\">Next Episode<\/span><span class=\"btn-icon-wrap\"><svg class=\"icon icon-pp-next\" aria-hidden=\"true\" role=\"img\" focusable=\"false\"><use href=\"#icon-pp-next\" xlink:href=\"#icon-pp-next\"><\/use><\/svg><\/span><\/button><\/div><\/div><\/div><\/div><div class=\"pod-content__launcher pod-launch\"><button class=\"pod-launch__button pod-launch__info pod-button\" aria-expanded=\"false\"><span class=\"ppjs__offscreen\">Show Podcast Information<\/span><span class=\"btn-icon-wrap\"><svg class=\"icon icon-pp-podcast\" aria-hidden=\"true\" role=\"img\" focusable=\"false\"><use href=\"#icon-pp-podcast\" xlink:href=\"#icon-pp-podcast\"><\/use><\/svg><svg class=\"icon icon-pp-x\" aria-hidden=\"true\" role=\"img\" focusable=\"false\"><use href=\"#icon-pp-x\" xlink:href=\"#icon-pp-x\"><\/use><\/svg><\/span><\/button><\/div><\/div>\t\t\t\t<\/div>\n\t\t\t\t<\/div>\n\t\t\t\t<div class=\"elementor-element elementor-element-cd1ceb8 elementor-widget-divider--separator-type-pattern elementor-widget-divider--no-spacing elementor-widget-divider--view-line elementor-widget elementor-widget-divider\" data-id=\"cd1ceb8\" data-element_type=\"widget\" data-e-type=\"widget\" data-widget_type=\"divider.default\">\n\t\t\t\t<div class=\"elementor-widget-container\">\n\t\t\t\t\t\t\t<div class=\"elementor-divider\" style=\"--divider-pattern-url: url(&quot;data:image\/svg+xml,%3Csvg xmlns=&#039;http:\/\/www.w3.org\/2000\/svg&#039; preserveAspectRatio=&#039;xMidYMid meet&#039; overflow=&#039;visible&#039; height=&#039;100%&#039; viewBox=&#039;0 0 120 26&#039; fill=&#039;black&#039; stroke=&#039;none&#039;%3E%3Cpolygon points=&#039;0,14.4 0,21 11.5,12.4 21.3,20 30.4,11.1 40.3,20 51,12.4 60.6,20 69.6,11.1 79.3,20 90.1,12.4 99.6,20 109.7,11.1 120,21 120,14.4 109.7,5 99.6,13 90.1,5 79.3,14.5 71,5.7 60.6,12.4 51,5 40.3,14.5 31.1,5 21.3,13 11.5,5 \t&#039;\/%3E%3C\/svg%3E&quot;);\">\n\t\t\t<span class=\"elementor-divider-separator\">\n\t\t\t\t\t\t<\/span>\n\t\t<\/div>\n\t\t\t\t\t\t<\/div>\n\t\t\t\t<\/div>\n\t\t\t\t<div class=\"elementor-element elementor-element-4fa8a08 elementor-widget elementor-widget-text-editor\" data-id=\"4fa8a08\" data-element_type=\"widget\" data-e-type=\"widget\" data-widget_type=\"text-editor.default\">\n\t\t\t\t<div class=\"elementor-widget-container\">\n\t\t\t\t\t\t\t\t\t<p>Projekti toetab Erasmus+ ja Euroopa Solidaarsuskorpuse agentuur Euroopa Solidaarsuskorpuse programmist.<\/p>\t\t\t\t\t\t\t\t<\/div>\n\t\t\t\t<\/div>\n\t\t\t\t<section class=\"elementor-section elementor-inner-section elementor-element elementor-element-dc1cc95 elementor-section-boxed elementor-section-height-default elementor-section-height-default\" data-id=\"dc1cc95\" data-element_type=\"section\" data-e-type=\"section\">\n\t\t\t\t\t\t<div class=\"elementor-container elementor-column-gap-default\">\n\t\t\t\t\t<div class=\"elementor-column elementor-col-50 elementor-inner-column elementor-element elementor-element-b2e7abf\" data-id=\"b2e7abf\" data-element_type=\"column\" data-e-type=\"column\">\n\t\t\t<div class=\"elementor-widget-wrap elementor-element-populated\">\n\t\t\t\t\t\t<div class=\"elementor-element elementor-element-c33b10d elementor-widget elementor-widget-image\" data-id=\"c33b10d\" data-element_type=\"widget\" data-e-type=\"widget\" data-widget_type=\"image.default\">\n\t\t\t\t<div class=\"elementor-widget-container\">\n\t\t\t\t\t\t\t\t\t\t\t\t\t\t\t\t<a href=\"https:\/\/aegee-tartu.ee\/wp-content\/uploads\/2021\/04\/ET-european_solidarity_corps_LOGO_CMYK.jpg\" data-elementor-open-lightbox=\"yes\" data-elementor-lightbox-title=\"ET-european_solidarity_corps_LOGO_CMYK\" data-e-action-hash=\"#elementor-action%3Aaction%3Dlightbox%26settings%3DeyJpZCI6MTgyMCwidXJsIjoiaHR0cHM6XC9cL2FlZ2VlLXRhcnR1LmVlXC93cC1jb250ZW50XC91cGxvYWRzXC8yMDIxXC8wNFwvRVQtZXVyb3BlYW5fc29saWRhcml0eV9jb3Jwc19MT0dPX0NNWUsuanBnIn0%3D\">\n\t\t\t\t\t\t\t<img fetchpriority=\"high\" decoding=\"async\" width=\"1024\" height=\"188\" src=\"https:\/\/aegee-tartu.ee\/wp-content\/uploads\/2021\/04\/ET-european_solidarity_corps_LOGO_CMYK-1024x188.jpg\" class=\"attachment-large size-large wp-image-1820\" alt=\"\" srcset=\"https:\/\/aegee-tartu.ee\/wp-content\/uploads\/2021\/04\/ET-european_solidarity_corps_LOGO_CMYK-1024x188.jpg 1024w, https:\/\/aegee-tartu.ee\/wp-content\/uploads\/2021\/04\/ET-european_solidarity_corps_LOGO_CMYK-600x110.jpg 600w, https:\/\/aegee-tartu.ee\/wp-content\/uploads\/2021\/04\/ET-european_solidarity_corps_LOGO_CMYK-300x55.jpg 300w, https:\/\/aegee-tartu.ee\/wp-content\/uploads\/2021\/04\/ET-european_solidarity_corps_LOGO_CMYK-768x141.jpg 768w, https:\/\/aegee-tartu.ee\/wp-content\/uploads\/2021\/04\/ET-european_solidarity_corps_LOGO_CMYK-1536x282.jpg 1536w, https:\/\/aegee-tartu.ee\/wp-content\/uploads\/2021\/04\/ET-european_solidarity_corps_LOGO_CMYK-2048x376.jpg 2048w\" sizes=\"(max-width: 1024px) 100vw, 1024px\" \/>\t\t\t\t\t\t\t\t<\/a>\n\t\t\t\t\t\t\t\t\t\t\t\t\t\t\t<\/div>\n\t\t\t\t<\/div>\n\t\t\t\t\t<\/div>\n\t\t<\/div>\n\t\t\t\t<div class=\"elementor-column elementor-col-50 elementor-inner-column elementor-element elementor-element-1be976e\" data-id=\"1be976e\" data-element_type=\"column\" data-e-type=\"column\">\n\t\t\t<div class=\"elementor-widget-wrap elementor-element-populated\">\n\t\t\t\t\t\t<div class=\"elementor-element elementor-element-ee39c97 elementor-widget elementor-widget-image\" data-id=\"ee39c97\" data-element_type=\"widget\" data-e-type=\"widget\" data-widget_type=\"image.default\">\n\t\t\t\t<div class=\"elementor-widget-container\">\n\t\t\t\t\t\t\t\t\t\t\t\t\t\t\t\t<a href=\"https:\/\/aegee-tartu.ee\/wp-content\/uploads\/2021\/04\/logo.jpg\" data-elementor-open-lightbox=\"yes\" data-elementor-lightbox-title=\"logo\" data-e-action-hash=\"#elementor-action%3Aaction%3Dlightbox%26settings%3DeyJpZCI6MTgyNCwidXJsIjoiaHR0cHM6XC9cL2FlZ2VlLXRhcnR1LmVlXC93cC1jb250ZW50XC91cGxvYWRzXC8yMDIxXC8wNFwvbG9nby5qcGcifQ%3D%3D\">\n\t\t\t\t\t\t\t<img decoding=\"async\" width=\"1024\" height=\"188\" src=\"https:\/\/aegee-tartu.ee\/wp-content\/uploads\/2021\/04\/logo-1024x188.jpg\" class=\"attachment-large size-large wp-image-1824\" alt=\"\" srcset=\"https:\/\/aegee-tartu.ee\/wp-content\/uploads\/2021\/04\/logo-1024x188.jpg 1024w, https:\/\/aegee-tartu.ee\/wp-content\/uploads\/2021\/04\/logo-600x110.jpg 600w, https:\/\/aegee-tartu.ee\/wp-content\/uploads\/2021\/04\/logo-300x55.jpg 300w, https:\/\/aegee-tartu.ee\/wp-content\/uploads\/2021\/04\/logo-768x141.jpg 768w, https:\/\/aegee-tartu.ee\/wp-content\/uploads\/2021\/04\/logo-1536x282.jpg 1536w, https:\/\/aegee-tartu.ee\/wp-content\/uploads\/2021\/04\/logo-2048x376.jpg 2048w\" sizes=\"(max-width: 1024px) 100vw, 1024px\" \/>\t\t\t\t\t\t\t\t<\/a>\n\t\t\t\t\t\t\t\t\t\t\t\t\t\t\t<\/div>\n\t\t\t\t<\/div>\n\t\t\t\t\t<\/div>\n\t\t<\/div>\n\t\t\t\t\t<\/div>\n\t\t<\/section>\n\t\t\t\t\t<\/div>\n\t\t<\/div>\n\t\t\t\t\t<\/div>\n\t\t<\/section>\n\t\t\t\t<\/div>","protected":false},"excerpt":{"rendered":"<p class=\"excerpt\">Aega on! on AEGEE-Tartu projekt, mille k\u00e4igus arutletakse aeglase liikumise p\u00f5him\u00f5tete \u00fcle. Aeglane liikumine p\u00f6\u00f6rab t\u00e4helepanu rahulikuma elutempo ja kvaliteedi v\u00e4\u00e4rtustamise m\u00f5judele nii indiviidile, \u00fchiskonnale kui ka keskkonnale.&nbsp; Projekti raames:&nbsp; 1) korraldati aeglase elustiili teemaline laager&nbsp; 2) anti v\u00e4lja AEGA ON taskuh\u00e4\u00e4lingu esimene hooaeg&nbsp; 3) korraldati arutelu\u00f5htu&nbsp; 4) anti v\u00e4lja&nbsp;AEGA ON ajakiri. AEGA ON projekti tegevustel saab silma peal hoida&hellip; <a href=\"https:\/\/aegee-tartu.ee\/en\/meist\/projektid\/podcast\/\">Read more &rarr;<\/a><\/p>","protected":false},"author":1,"featured_media":0,"parent":1715,"menu_order":0,"comment_status":"closed","ping_status":"closed","template":"","meta":{"_exactmetrics_skip_tracking":false,"_exactmetrics_sitenote_active":false,"_exactmetrics_sitenote_note":"","_exactmetrics_sitenote_category":0,"footnotes":""},"class_list":["post-1591","page","type-page","status-publish","hentry","xfolkentry"],"_links":{"self":[{"href":"https:\/\/aegee-tartu.ee\/en\/wp-json\/wp\/v2\/pages\/1591","targetHints":{"allow":["GET"]}}],"collection":[{"href":"https:\/\/aegee-tartu.ee\/en\/wp-json\/wp\/v2\/pages"}],"about":[{"href":"https:\/\/aegee-tartu.ee\/en\/wp-json\/wp\/v2\/types\/page"}],"author":[{"embeddable":true,"href":"https:\/\/aegee-tartu.ee\/en\/wp-json\/wp\/v2\/users\/1"}],"replies":[{"embeddable":true,"href":"https:\/\/aegee-tartu.ee\/en\/wp-json\/wp\/v2\/comments?post=1591"}],"version-history":[{"count":27,"href":"https:\/\/aegee-tartu.ee\/en\/wp-json\/wp\/v2\/pages\/1591\/revisions"}],"predecessor-version":[{"id":3735,"href":"https:\/\/aegee-tartu.ee\/en\/wp-json\/wp\/v2\/pages\/1591\/revisions\/3735"}],"up":[{"embeddable":true,"href":"https:\/\/aegee-tartu.ee\/en\/wp-json\/wp\/v2\/pages\/1715"}],"wp:attachment":[{"href":"https:\/\/aegee-tartu.ee\/en\/wp-json\/wp\/v2\/media?parent=1591"}],"curies":[{"name":"wp","href":"https:\/\/api.w.org\/{rel}","templated":true}]}}