{"id":2854,"date":"2023-10-17T08:54:11","date_gmt":"2023-10-17T05:54:11","guid":{"rendered":"https:\/\/aegee-tartu.ee\/?page_id=2854"},"modified":"2024-02-20T15:41:25","modified_gmt":"2024-02-20T13:41:25","slug":"kkk","status":"publish","type":"page","link":"https:\/\/aegee-tartu.ee\/en\/kkk\/","title":{"rendered":"FAQ"},"content":{"rendered":"\t\t<div data-elementor-type=\"wp-page\" data-elementor-id=\"2854\" class=\"elementor elementor-2854\">\n\t\t\t\t\t\t<section class=\"elementor-section elementor-top-section elementor-element elementor-element-48f58b8 elementor-section-boxed elementor-section-height-default elementor-section-height-default\" data-id=\"48f58b8\" data-element_type=\"section\" data-e-type=\"section\">\n\t\t\t\t\t\t<div class=\"elementor-container elementor-column-gap-default\">\n\t\t\t\t\t<div class=\"elementor-column elementor-col-100 elementor-top-column elementor-element elementor-element-d8cb2b0\" data-id=\"d8cb2b0\" data-element_type=\"column\" data-e-type=\"column\">\n\t\t\t<div class=\"elementor-widget-wrap elementor-element-populated\">\n\t\t\t\t\t\t<div class=\"elementor-element elementor-element-217368a elementor-widget elementor-widget-heading\" data-id=\"217368a\" data-element_type=\"widget\" data-e-type=\"widget\" data-widget_type=\"heading.default\">\n\t\t\t\t<div class=\"elementor-widget-container\">\n\t\t\t\t\t<h2 class=\"elementor-heading-title elementor-size-default\">Korduma Kippuvad K\u00fcsimused<\/h2>\t\t\t\t<\/div>\n\t\t\t\t<\/div>\n\t\t\t\t<div class=\"elementor-element elementor-element-3b56b08 elementor-widget elementor-widget-heading\" data-id=\"3b56b08\" data-element_type=\"widget\" data-e-type=\"widget\" data-widget_type=\"heading.default\">\n\t\t\t\t<div class=\"elementor-widget-container\">\n\t\t\t\t\t<h3 class=\"elementor-heading-title elementor-size-default\">Liitumine<\/h3>\t\t\t\t<\/div>\n\t\t\t\t<\/div>\n\t\t\t\t<div class=\"elementor-element elementor-element-7598ee4 elementor-widget elementor-widget-toggle\" data-id=\"7598ee4\" data-element_type=\"widget\" data-e-type=\"widget\" data-widget_type=\"toggle.default\">\n\t\t\t\t<div class=\"elementor-widget-container\">\n\t\t\t\t\t\t\t<div class=\"elementor-toggle\">\n\t\t\t\t\t\t\t<div class=\"elementor-toggle-item\">\n\t\t\t\t\t<div id=\"elementor-tab-title-1231\" class=\"elementor-tab-title\" data-tab=\"1\" role=\"button\" aria-controls=\"elementor-tab-content-1231\" aria-expanded=\"false\">\n\t\t\t\t\t\t\t\t\t\t\t\t<span class=\"elementor-toggle-icon elementor-toggle-icon-left\" aria-hidden=\"true\">\n\t\t\t\t\t\t\t\t\t\t\t\t\t\t\t<span class=\"elementor-toggle-icon-closed\"><i class=\"far fa-star\"><\/i><\/span>\n\t\t\t\t\t\t\t\t<span class=\"elementor-toggle-icon-opened\"><i class=\"elementor-toggle-icon-opened fas fa-star\"><\/i><\/span>\n\t\t\t\t\t\t\t\t\t\t\t\t\t<\/span>\n\t\t\t\t\t\t\t\t\t\t\t\t<a class=\"elementor-toggle-title\" tabindex=\"0\">Kuidas AEGEE-Tartuga liituda?<\/a>\n\t\t\t\t\t<\/div>\n\n\t\t\t\t\t<div id=\"elementor-tab-content-1231\" class=\"elementor-tab-content elementor-clearfix\" data-tab=\"1\" role=\"region\" aria-labelledby=\"elementor-tab-title-1231\"><p>Liitumiseks tuleb t\u00e4ita\u00a0<a href=\"https:\/\/docs.google.com\/forms\/d\/1Ka5x3PG2aUQXOQjWPAPg4w5_M1O9nGsYdZptzVOIOB4\/edit?fbclid=IwAR1zT5s6vFSuIlXxOOPdLkDmNCUOMtvvSBG5oGUbxPpQRki2jTZSt4YiDLo\" target=\"_blank\" rel=\"noopener\">liitumisankeet<\/a>, misj\u00e4rel v\u00f5tab liikmehaldur Sinuga \u00fchendust.<\/p><\/div>\n\t\t\t\t<\/div>\n\t\t\t\t\t\t\t<div class=\"elementor-toggle-item\">\n\t\t\t\t\t<div id=\"elementor-tab-title-1232\" class=\"elementor-tab-title\" data-tab=\"2\" role=\"button\" aria-controls=\"elementor-tab-content-1232\" aria-expanded=\"false\">\n\t\t\t\t\t\t\t\t\t\t\t\t<span class=\"elementor-toggle-icon elementor-toggle-icon-left\" aria-hidden=\"true\">\n\t\t\t\t\t\t\t\t\t\t\t\t\t\t\t<span class=\"elementor-toggle-icon-closed\"><i class=\"far fa-star\"><\/i><\/span>\n\t\t\t\t\t\t\t\t<span class=\"elementor-toggle-icon-opened\"><i class=\"elementor-toggle-icon-opened fas fa-star\"><\/i><\/span>\n\t\t\t\t\t\t\t\t\t\t\t\t\t<\/span>\n\t\t\t\t\t\t\t\t\t\t\t\t<a class=\"elementor-toggle-title\" tabindex=\"0\">Millistel perioodidel AEGEE-Tartu uusi liikmeid vastu v\u00f5tab?<\/a>\n\t\t\t\t\t<\/div>\n\n\t\t\t\t\t<div id=\"elementor-tab-content-1232\" class=\"elementor-tab-content elementor-clearfix\" data-tab=\"2\" role=\"region\" aria-labelledby=\"elementor-tab-title-1232\"><p>AEGEE-Tartu v\u00f5tab uusi liikmeid vastu aastaringselt igal ajal.<\/p><\/div>\n\t\t\t\t<\/div>\n\t\t\t\t\t\t\t<div class=\"elementor-toggle-item\">\n\t\t\t\t\t<div id=\"elementor-tab-title-1233\" class=\"elementor-tab-title\" data-tab=\"3\" role=\"button\" aria-controls=\"elementor-tab-content-1233\" aria-expanded=\"false\">\n\t\t\t\t\t\t\t\t\t\t\t\t<span class=\"elementor-toggle-icon elementor-toggle-icon-left\" aria-hidden=\"true\">\n\t\t\t\t\t\t\t\t\t\t\t\t\t\t\t<span class=\"elementor-toggle-icon-closed\"><i class=\"far fa-star\"><\/i><\/span>\n\t\t\t\t\t\t\t\t<span class=\"elementor-toggle-icon-opened\"><i class=\"elementor-toggle-icon-opened fas fa-star\"><\/i><\/span>\n\t\t\t\t\t\t\t\t\t\t\t\t\t<\/span>\n\t\t\t\t\t\t\t\t\t\t\t\t<a class=\"elementor-toggle-title\" tabindex=\"0\">Kes saavad AEGEE-Tartuga liituda?<\/a>\n\t\t\t\t\t<\/div>\n\n\t\t\t\t\t<div id=\"elementor-tab-content-1233\" class=\"elementor-tab-content elementor-clearfix\" data-tab=\"3\" role=\"region\" aria-labelledby=\"elementor-tab-title-1233\"><p>Noored vanuses 18-35. Oodatud on k\u00f5ikide k\u00f5rg-, kutse- ja \u00fclikoolide \u00f5pilased \u00fcksk\u00f5ik milliselt erialalt, samuti g\u00fcmnasistid ja vilistlased, kui nad mahuvad vanusepiiridesse. Ootame liituma ka v\u00e4listudengeid.<\/p><\/div>\n\t\t\t\t<\/div>\n\t\t\t\t\t\t\t<div class=\"elementor-toggle-item\">\n\t\t\t\t\t<div id=\"elementor-tab-title-1234\" class=\"elementor-tab-title\" data-tab=\"4\" role=\"button\" aria-controls=\"elementor-tab-content-1234\" aria-expanded=\"false\">\n\t\t\t\t\t\t\t\t\t\t\t\t<span class=\"elementor-toggle-icon elementor-toggle-icon-left\" aria-hidden=\"true\">\n\t\t\t\t\t\t\t\t\t\t\t\t\t\t\t<span class=\"elementor-toggle-icon-closed\"><i class=\"far fa-star\"><\/i><\/span>\n\t\t\t\t\t\t\t\t<span class=\"elementor-toggle-icon-opened\"><i class=\"elementor-toggle-icon-opened fas fa-star\"><\/i><\/span>\n\t\t\t\t\t\t\t\t\t\t\t\t\t<\/span>\n\t\t\t\t\t\t\t\t\t\t\t\t<a class=\"elementor-toggle-title\" tabindex=\"0\">Kas AEGEE-Tartuga liitumine on tasuta?<\/a>\n\t\t\t\t\t<\/div>\n\n\t\t\t\t\t<div id=\"elementor-tab-content-1234\" class=\"elementor-tab-content elementor-clearfix\" data-tab=\"4\" role=\"region\" aria-labelledby=\"elementor-tab-title-1234\"><p>Aastane liikmemaks on 28 EUR ja poole aasta liikmemaks 19 EUR, kuid selle eest saab igal n\u00e4dalal vahval \u00fcritusel osaleda!<\/p><\/div>\n\t\t\t\t<\/div>\n\t\t\t\t\t\t\t<div class=\"elementor-toggle-item\">\n\t\t\t\t\t<div id=\"elementor-tab-title-1235\" class=\"elementor-tab-title\" data-tab=\"5\" role=\"button\" aria-controls=\"elementor-tab-content-1235\" aria-expanded=\"false\">\n\t\t\t\t\t\t\t\t\t\t\t\t<span class=\"elementor-toggle-icon elementor-toggle-icon-left\" aria-hidden=\"true\">\n\t\t\t\t\t\t\t\t\t\t\t\t\t\t\t<span class=\"elementor-toggle-icon-closed\"><i class=\"far fa-star\"><\/i><\/span>\n\t\t\t\t\t\t\t\t<span class=\"elementor-toggle-icon-opened\"><i class=\"elementor-toggle-icon-opened fas fa-star\"><\/i><\/span>\n\t\t\t\t\t\t\t\t\t\t\t\t\t<\/span>\n\t\t\t\t\t\t\t\t\t\t\t\t<a class=\"elementor-toggle-title\" tabindex=\"0\">Kas ma pean AEGEEga liitumiseks oskama inglise keelt?<\/a>\n\t\t\t\t\t<\/div>\n\n\t\t\t\t\t<div id=\"elementor-tab-content-1235\" class=\"elementor-tab-content elementor-clearfix\" data-tab=\"5\" role=\"region\" aria-labelledby=\"elementor-tab-title-1235\"><p>Euroopa tasandi t\u00f6\u00f6keel on inglise keel, mis t\u00e4hendab, et Euroopa \u00fcritustel osalemiseks oleks vaja inglise keelt suhtlustasandil osata. Kohalikul tasandil saab hakkama ka eesti keelega. Kindlasti ei tasuks meelt heita, kui inglise keele oskus ei ole veel hea \u2013 AEGEE on fantastiline v\u00f5imalus seda pidevalt praktiseerida! Samuti on AEGEE-Tartu hea koht praktiseerimaks eesti keelt, kui r\u00e4\u00e4gid seda v\u00f5\u00f5rkeelena.<\/p><\/div>\n\t\t\t\t<\/div>\n\t\t\t\t\t\t\t<div class=\"elementor-toggle-item\">\n\t\t\t\t\t<div id=\"elementor-tab-title-1236\" class=\"elementor-tab-title\" data-tab=\"6\" role=\"button\" aria-controls=\"elementor-tab-content-1236\" aria-expanded=\"false\">\n\t\t\t\t\t\t\t\t\t\t\t\t<span class=\"elementor-toggle-icon elementor-toggle-icon-left\" aria-hidden=\"true\">\n\t\t\t\t\t\t\t\t\t\t\t\t\t\t\t<span class=\"elementor-toggle-icon-closed\"><i class=\"far fa-star\"><\/i><\/span>\n\t\t\t\t\t\t\t\t<span class=\"elementor-toggle-icon-opened\"><i class=\"elementor-toggle-icon-opened fas fa-star\"><\/i><\/span>\n\t\t\t\t\t\t\t\t\t\t\t\t\t<\/span>\n\t\t\t\t\t\t\t\t\t\t\t\t<a class=\"elementor-toggle-title\" tabindex=\"0\">Kuidas AEGEE toetab uute liikmete sisseelamist?<\/a>\n\t\t\t\t\t<\/div>\n\n\t\t\t\t\t<div id=\"elementor-tab-content-1236\" class=\"elementor-tab-content elementor-clearfix\" data-tab=\"6\" role=\"region\" aria-labelledby=\"elementor-tab-title-1236\"><p>Iga uus liige saab omale mentori, kes tutvustab talle AEGEE-Tartu elu ja tegemisi, vastab k\u00fcsimustele, on esimeseks s\u00f5braks ning aitab uuel liikmel organisatsioonis oma koha leida. Kogenud ja sisseelanud liikmed saavad juba ise mentoriks hakata.<\/p><\/div>\n\t\t\t\t<\/div>\n\t\t\t\t\t\t\t\t\t\t<script type=\"application\/ld+json\">{\"@context\":\"https:\\\/\\\/schema.org\",\"@type\":\"FAQPage\",\"mainEntity\":[{\"@type\":\"Question\",\"name\":\"Kuidas AEGEE-Tartuga liituda?\",\"acceptedAnswer\":{\"@type\":\"Answer\",\"text\":\"<p>Liitumiseks tuleb t\\u00e4ita\\u00a0<a href=\\\"https:\\\/\\\/docs.google.com\\\/forms\\\/d\\\/1Ka5x3PG2aUQXOQjWPAPg4w5_M1O9nGsYdZptzVOIOB4\\\/edit?fbclid=IwAR1zT5s6vFSuIlXxOOPdLkDmNCUOMtvvSBG5oGUbxPpQRki2jTZSt4YiDLo\\\" target=\\\"_blank\\\" rel=\\\"noopener\\\">liitumisankeet<\\\/a>, misj\\u00e4rel v\\u00f5tab liikmehaldur Sinuga \\u00fchendust.<\\\/p>\"}},{\"@type\":\"Question\",\"name\":\"Millistel perioodidel AEGEE-Tartu uusi liikmeid vastu v\\u00f5tab?\",\"acceptedAnswer\":{\"@type\":\"Answer\",\"text\":\"<p>AEGEE-Tartu v\\u00f5tab uusi liikmeid vastu aastaringselt igal ajal.<\\\/p>\"}},{\"@type\":\"Question\",\"name\":\"Kes saavad AEGEE-Tartuga liituda?\",\"acceptedAnswer\":{\"@type\":\"Answer\",\"text\":\"<p>Noored vanuses 18-35. Oodatud on k\\u00f5ikide k\\u00f5rg-, kutse- ja \\u00fclikoolide \\u00f5pilased \\u00fcksk\\u00f5ik milliselt erialalt, samuti g\\u00fcmnasistid ja vilistlased, kui nad mahuvad vanusepiiridesse. Ootame liituma ka v\\u00e4listudengeid.<\\\/p>\"}},{\"@type\":\"Question\",\"name\":\"Kas AEGEE-Tartuga liitumine on tasuta?\",\"acceptedAnswer\":{\"@type\":\"Answer\",\"text\":\"<p>Aastane liikmemaks on 28 EUR ja poole aasta liikmemaks 19 EUR, kuid selle eest saab igal n\\u00e4dalal vahval \\u00fcritusel osaleda!<\\\/p>\"}},{\"@type\":\"Question\",\"name\":\"Kas ma pean AEGEEga liitumiseks oskama inglise keelt?\",\"acceptedAnswer\":{\"@type\":\"Answer\",\"text\":\"<p>Euroopa tasandi t\\u00f6\\u00f6keel on inglise keel, mis t\\u00e4hendab, et Euroopa \\u00fcritustel osalemiseks oleks vaja inglise keelt suhtlustasandil osata. Kohalikul tasandil saab hakkama ka eesti keelega. Kindlasti ei tasuks meelt heita, kui inglise keele oskus ei ole veel hea \\u2013 AEGEE on fantastiline v\\u00f5imalus seda pidevalt praktiseerida! Samuti on AEGEE-Tartu hea koht praktiseerimaks eesti keelt, kui r\\u00e4\\u00e4gid seda v\\u00f5\\u00f5rkeelena.<\\\/p>\"}},{\"@type\":\"Question\",\"name\":\"Kuidas AEGEE toetab uute liikmete sisseelamist?\",\"acceptedAnswer\":{\"@type\":\"Answer\",\"text\":\"<p>Iga uus liige saab omale mentori, kes tutvustab talle AEGEE-Tartu elu ja tegemisi, vastab k\\u00fcsimustele, on esimeseks s\\u00f5braks ning aitab uuel liikmel organisatsioonis oma koha leida. Kogenud ja sisseelanud liikmed saavad juba ise mentoriks hakata.<\\\/p>\"}}]}<\/script>\n\t\t\t\t\t<\/div>\n\t\t\t\t\t\t<\/div>\n\t\t\t\t<\/div>\n\t\t\t\t<div class=\"elementor-element elementor-element-8901b56 elementor-widget-divider--separator-type-pattern elementor-widget-divider--no-spacing elementor-widget-divider--view-line elementor-widget elementor-widget-divider\" data-id=\"8901b56\" data-element_type=\"widget\" data-e-type=\"widget\" data-widget_type=\"divider.default\">\n\t\t\t\t<div class=\"elementor-widget-container\">\n\t\t\t\t\t\t\t<div class=\"elementor-divider\" style=\"--divider-pattern-url: url(&quot;data:image\/svg+xml,%3Csvg xmlns=&#039;http:\/\/www.w3.org\/2000\/svg&#039; preserveAspectRatio=&#039;xMidYMid meet&#039; overflow=&#039;visible&#039; height=&#039;100%&#039; viewBox=&#039;0 0 120 26&#039; fill=&#039;black&#039; stroke=&#039;none&#039;%3E%3Cpolygon points=&#039;0,14.4 0,21 11.5,12.4 21.3,20 30.4,11.1 40.3,20 51,12.4 60.6,20 69.6,11.1 79.3,20 90.1,12.4 99.6,20 109.7,11.1 120,21 120,14.4 109.7,5 99.6,13 90.1,5 79.3,14.5 71,5.7 60.6,12.4 51,5 40.3,14.5 31.1,5 21.3,13 11.5,5 \t&#039;\/%3E%3C\/svg%3E&quot;);\">\n\t\t\t<span class=\"elementor-divider-separator\">\n\t\t\t\t\t\t<\/span>\n\t\t<\/div>\n\t\t\t\t\t\t<\/div>\n\t\t\t\t<\/div>\n\t\t\t\t<div class=\"elementor-element elementor-element-eb2f0cd elementor-widget elementor-widget-heading\" data-id=\"eb2f0cd\" data-element_type=\"widget\" data-e-type=\"widget\" data-widget_type=\"heading.default\">\n\t\t\t\t<div class=\"elementor-widget-container\">\n\t\t\t\t\t<h3 class=\"elementor-heading-title elementor-size-default\">Liikmeks olemine<\/h3>\t\t\t\t<\/div>\n\t\t\t\t<\/div>\n\t\t\t\t<div class=\"elementor-element elementor-element-1d3e943 elementor-widget elementor-widget-toggle\" data-id=\"1d3e943\" data-element_type=\"widget\" data-e-type=\"widget\" data-widget_type=\"toggle.default\">\n\t\t\t\t<div class=\"elementor-widget-container\">\n\t\t\t\t\t\t\t<div class=\"elementor-toggle\">\n\t\t\t\t\t\t\t<div class=\"elementor-toggle-item\">\n\t\t\t\t\t<div id=\"elementor-tab-title-3061\" class=\"elementor-tab-title\" data-tab=\"1\" role=\"button\" aria-controls=\"elementor-tab-content-3061\" aria-expanded=\"false\">\n\t\t\t\t\t\t\t\t\t\t\t\t<span class=\"elementor-toggle-icon elementor-toggle-icon-left\" aria-hidden=\"true\">\n\t\t\t\t\t\t\t\t\t\t\t\t\t\t\t<span class=\"elementor-toggle-icon-closed\"><i class=\"far fa-star\"><\/i><\/span>\n\t\t\t\t\t\t\t\t<span class=\"elementor-toggle-icon-opened\"><i class=\"elementor-toggle-icon-opened fas fa-star\"><\/i><\/span>\n\t\t\t\t\t\t\t\t\t\t\t\t\t<\/span>\n\t\t\t\t\t\t\t\t\t\t\t\t<a class=\"elementor-toggle-title\" tabindex=\"0\">Kas AEGEE-Tartu liikmel on \u00fcritustel kohalk\u00e4imine kohustuslik?<\/a>\n\t\t\t\t\t<\/div>\n\n\t\t\t\t\t<div id=\"elementor-tab-content-3061\" class=\"elementor-tab-content elementor-clearfix\" data-tab=\"1\" role=\"region\" aria-labelledby=\"elementor-tab-title-3061\"><p>Ei. Iga liige saab ise otsustada, millistest ja kui paljudest \u00fcritustest ja projektidest ta osa saada soovib.<\/p><\/div>\n\t\t\t\t<\/div>\n\t\t\t\t\t\t\t<div class=\"elementor-toggle-item\">\n\t\t\t\t\t<div id=\"elementor-tab-title-3062\" class=\"elementor-tab-title\" data-tab=\"2\" role=\"button\" aria-controls=\"elementor-tab-content-3062\" aria-expanded=\"false\">\n\t\t\t\t\t\t\t\t\t\t\t\t<span class=\"elementor-toggle-icon elementor-toggle-icon-left\" aria-hidden=\"true\">\n\t\t\t\t\t\t\t\t\t\t\t\t\t\t\t<span class=\"elementor-toggle-icon-closed\"><i class=\"far fa-star\"><\/i><\/span>\n\t\t\t\t\t\t\t\t<span class=\"elementor-toggle-icon-opened\"><i class=\"elementor-toggle-icon-opened fas fa-star\"><\/i><\/span>\n\t\t\t\t\t\t\t\t\t\t\t\t\t<\/span>\n\t\t\t\t\t\t\t\t\t\t\t\t<a class=\"elementor-toggle-title\" tabindex=\"0\">Kas AEGEE-Tartus on kohustuslik kuuluda m\u00f5nda t\u00f6\u00f6r\u00fchma?<\/a>\n\t\t\t\t\t<\/div>\n\n\t\t\t\t\t<div id=\"elementor-tab-content-3062\" class=\"elementor-tab-content elementor-clearfix\" data-tab=\"2\" role=\"region\" aria-labelledby=\"elementor-tab-title-3062\"><p>Kohustust ei ole, kuid me tungivalt soovitame seda, sest just nii saab organisatsioonis oma oskusi arendada ja ennast meeskonnaliikmena tunda.<\/p><\/div>\n\t\t\t\t<\/div>\n\t\t\t\t\t\t\t<div class=\"elementor-toggle-item\">\n\t\t\t\t\t<div id=\"elementor-tab-title-3063\" class=\"elementor-tab-title\" data-tab=\"3\" role=\"button\" aria-controls=\"elementor-tab-content-3063\" aria-expanded=\"false\">\n\t\t\t\t\t\t\t\t\t\t\t\t<span class=\"elementor-toggle-icon elementor-toggle-icon-left\" aria-hidden=\"true\">\n\t\t\t\t\t\t\t\t\t\t\t\t\t\t\t<span class=\"elementor-toggle-icon-closed\"><i class=\"far fa-star\"><\/i><\/span>\n\t\t\t\t\t\t\t\t<span class=\"elementor-toggle-icon-opened\"><i class=\"elementor-toggle-icon-opened fas fa-star\"><\/i><\/span>\n\t\t\t\t\t\t\t\t\t\t\t\t\t<\/span>\n\t\t\t\t\t\t\t\t\t\t\t\t<a class=\"elementor-toggle-title\" tabindex=\"0\">Millal saab tavaliige juhatusse kandideerida?<\/a>\n\t\t\t\t\t<\/div>\n\n\t\t\t\t\t<div id=\"elementor-tab-content-3063\" class=\"elementor-tab-content elementor-clearfix\" data-tab=\"3\" role=\"region\" aria-labelledby=\"elementor-tab-title-3063\"><p>Juhatusse kandideerimise \u00f5igus on igal liikmel olenemata sellest, kui kaua ta on liige olnud. Juhatus valitakse aastaks ja sinna kandideerimine toimub suvisel kohalikul Agoral, \u00fcldjuhul juunikuus.<\/p><\/div>\n\t\t\t\t<\/div>\n\t\t\t\t\t\t\t<div class=\"elementor-toggle-item\">\n\t\t\t\t\t<div id=\"elementor-tab-title-3064\" class=\"elementor-tab-title\" data-tab=\"4\" role=\"button\" aria-controls=\"elementor-tab-content-3064\" aria-expanded=\"false\">\n\t\t\t\t\t\t\t\t\t\t\t\t<span class=\"elementor-toggle-icon elementor-toggle-icon-left\" aria-hidden=\"true\">\n\t\t\t\t\t\t\t\t\t\t\t\t\t\t\t<span class=\"elementor-toggle-icon-closed\"><i class=\"far fa-star\"><\/i><\/span>\n\t\t\t\t\t\t\t\t<span class=\"elementor-toggle-icon-opened\"><i class=\"elementor-toggle-icon-opened fas fa-star\"><\/i><\/span>\n\t\t\t\t\t\t\t\t\t\t\t\t\t<\/span>\n\t\t\t\t\t\t\t\t\t\t\t\t<a class=\"elementor-toggle-title\" tabindex=\"0\">Kas AEGEEs tehtud t\u00f6\u00f6 eest saab palka v\u00f5i ainepunkte?<\/a>\n\t\t\t\t\t<\/div>\n\n\t\t\t\t\t<div id=\"elementor-tab-content-3064\" class=\"elementor-tab-content elementor-clearfix\" data-tab=\"4\" role=\"region\" aria-labelledby=\"elementor-tab-title-3064\"><p>Ei. AEGEE tegevus p\u00f5hineb t\u00e4ielikult vabatahtlikkusel. K\u00fcll aga saab AEGEEst kogemusi ja oskusi, mis v\u00f5ivad hiljem t\u00f6\u00f6turul kasuks tulla, samuti tutvusi nii Tartus kui ka \u00fcle Euroopa.<\/p><\/div>\n\t\t\t\t<\/div>\n\t\t\t\t\t\t\t\t\t\t<script type=\"application\/ld+json\">{\"@context\":\"https:\\\/\\\/schema.org\",\"@type\":\"FAQPage\",\"mainEntity\":[{\"@type\":\"Question\",\"name\":\"Kas AEGEE-Tartu liikmel on \\u00fcritustel kohalk\\u00e4imine kohustuslik?\",\"acceptedAnswer\":{\"@type\":\"Answer\",\"text\":\"<p>Ei. Iga liige saab ise otsustada, millistest ja kui paljudest \\u00fcritustest ja projektidest ta osa saada soovib.<\\\/p>\"}},{\"@type\":\"Question\",\"name\":\"Kas AEGEE-Tartus on kohustuslik kuuluda m\\u00f5nda t\\u00f6\\u00f6r\\u00fchma?\",\"acceptedAnswer\":{\"@type\":\"Answer\",\"text\":\"<p>Kohustust ei ole, kuid me tungivalt soovitame seda, sest just nii saab organisatsioonis oma oskusi arendada ja ennast meeskonnaliikmena tunda.<\\\/p>\"}},{\"@type\":\"Question\",\"name\":\"Millal saab tavaliige juhatusse kandideerida?\",\"acceptedAnswer\":{\"@type\":\"Answer\",\"text\":\"<p>Juhatusse kandideerimise \\u00f5igus on igal liikmel olenemata sellest, kui kaua ta on liige olnud. Juhatus valitakse aastaks ja sinna kandideerimine toimub suvisel kohalikul Agoral, \\u00fcldjuhul juunikuus.<\\\/p>\"}},{\"@type\":\"Question\",\"name\":\"Kas AEGEEs tehtud t\\u00f6\\u00f6 eest saab palka v\\u00f5i ainepunkte?\",\"acceptedAnswer\":{\"@type\":\"Answer\",\"text\":\"<p>Ei. AEGEE tegevus p\\u00f5hineb t\\u00e4ielikult vabatahtlikkusel. K\\u00fcll aga saab AEGEEst kogemusi ja oskusi, mis v\\u00f5ivad hiljem t\\u00f6\\u00f6turul kasuks tulla, samuti tutvusi nii Tartus kui ka \\u00fcle Euroopa.<\\\/p>\"}}]}<\/script>\n\t\t\t\t\t<\/div>\n\t\t\t\t\t\t<\/div>\n\t\t\t\t<\/div>\n\t\t\t\t<div class=\"elementor-element elementor-element-7805759 elementor-widget-divider--separator-type-pattern elementor-widget-divider--no-spacing elementor-widget-divider--view-line elementor-widget elementor-widget-divider\" data-id=\"7805759\" data-element_type=\"widget\" data-e-type=\"widget\" data-widget_type=\"divider.default\">\n\t\t\t\t<div class=\"elementor-widget-container\">\n\t\t\t\t\t\t\t<div class=\"elementor-divider\" style=\"--divider-pattern-url: url(&quot;data:image\/svg+xml,%3Csvg xmlns=&#039;http:\/\/www.w3.org\/2000\/svg&#039; preserveAspectRatio=&#039;xMidYMid meet&#039; overflow=&#039;visible&#039; height=&#039;100%&#039; viewBox=&#039;0 0 120 26&#039; fill=&#039;black&#039; stroke=&#039;none&#039;%3E%3Cpolygon points=&#039;0,14.4 0,21 11.5,12.4 21.3,20 30.4,11.1 40.3,20 51,12.4 60.6,20 69.6,11.1 79.3,20 90.1,12.4 99.6,20 109.7,11.1 120,21 120,14.4 109.7,5 99.6,13 90.1,5 79.3,14.5 71,5.7 60.6,12.4 51,5 40.3,14.5 31.1,5 21.3,13 11.5,5 \t&#039;\/%3E%3C\/svg%3E&quot;);\">\n\t\t\t<span class=\"elementor-divider-separator\">\n\t\t\t\t\t\t<\/span>\n\t\t<\/div>\n\t\t\t\t\t\t<\/div>\n\t\t\t\t<\/div>\n\t\t\t\t<div class=\"elementor-element elementor-element-eeb8ce9 elementor-widget elementor-widget-heading\" data-id=\"eeb8ce9\" data-element_type=\"widget\" data-e-type=\"widget\" data-widget_type=\"heading.default\">\n\t\t\t\t<div class=\"elementor-widget-container\">\n\t\t\t\t\t<h3 class=\"elementor-heading-title elementor-size-default\">Euroopa<\/h3>\t\t\t\t<\/div>\n\t\t\t\t<\/div>\n\t\t\t\t<div class=\"elementor-element elementor-element-3ba5964 elementor-widget elementor-widget-toggle\" data-id=\"3ba5964\" data-element_type=\"widget\" data-e-type=\"widget\" data-widget_type=\"toggle.default\">\n\t\t\t\t<div class=\"elementor-widget-container\">\n\t\t\t\t\t\t\t<div class=\"elementor-toggle\">\n\t\t\t\t\t\t\t<div class=\"elementor-toggle-item\">\n\t\t\t\t\t<div id=\"elementor-tab-title-6251\" class=\"elementor-tab-title\" data-tab=\"1\" role=\"button\" aria-controls=\"elementor-tab-content-6251\" aria-expanded=\"false\">\n\t\t\t\t\t\t\t\t\t\t\t\t<span class=\"elementor-toggle-icon elementor-toggle-icon-left\" aria-hidden=\"true\">\n\t\t\t\t\t\t\t\t\t\t\t\t\t\t\t<span class=\"elementor-toggle-icon-closed\"><i class=\"far fa-star\"><\/i><\/span>\n\t\t\t\t\t\t\t\t<span class=\"elementor-toggle-icon-opened\"><i class=\"elementor-toggle-icon-opened fas fa-star\"><\/i><\/span>\n\t\t\t\t\t\t\t\t\t\t\t\t\t<\/span>\n\t\t\t\t\t\t\t\t\t\t\t\t<a class=\"elementor-toggle-title\" tabindex=\"0\">Kas suve\u00fclikoolis osalemiseks peab olema AEGEE liige?<\/a>\n\t\t\t\t\t<\/div>\n\n\t\t\t\t\t<div id=\"elementor-tab-content-6251\" class=\"elementor-tab-content elementor-clearfix\" data-tab=\"1\" role=\"region\" aria-labelledby=\"elementor-tab-title-6251\"><p>Jah<\/p><\/div>\n\t\t\t\t<\/div>\n\t\t\t\t\t\t\t<div class=\"elementor-toggle-item\">\n\t\t\t\t\t<div id=\"elementor-tab-title-6252\" class=\"elementor-tab-title\" data-tab=\"2\" role=\"button\" aria-controls=\"elementor-tab-content-6252\" aria-expanded=\"false\">\n\t\t\t\t\t\t\t\t\t\t\t\t<span class=\"elementor-toggle-icon elementor-toggle-icon-left\" aria-hidden=\"true\">\n\t\t\t\t\t\t\t\t\t\t\t\t\t\t\t<span class=\"elementor-toggle-icon-closed\"><i class=\"far fa-star\"><\/i><\/span>\n\t\t\t\t\t\t\t\t<span class=\"elementor-toggle-icon-opened\"><i class=\"elementor-toggle-icon-opened fas fa-star\"><\/i><\/span>\n\t\t\t\t\t\t\t\t\t\t\t\t\t<\/span>\n\t\t\t\t\t\t\t\t\t\t\t\t<a class=\"elementor-toggle-title\" tabindex=\"0\">Millal saab liige kandideerida Euroopa \u00fcritustele?<\/a>\n\t\t\t\t\t<\/div>\n\n\t\t\t\t\t<div id=\"elementor-tab-content-6252\" class=\"elementor-tab-content elementor-clearfix\" data-tab=\"2\" role=\"region\" aria-labelledby=\"elementor-tab-title-6252\"><p>Kasv\u00f5i kohe p\u00e4rast liitumist. Euroopa tasandist osa saamine ei n\u00f5ua kindlat liikmestaatust ega -staa\u017ei.<\/p><\/div>\n\t\t\t\t<\/div>\n\t\t\t\t\t\t\t<div class=\"elementor-toggle-item\">\n\t\t\t\t\t<div id=\"elementor-tab-title-6253\" class=\"elementor-tab-title\" data-tab=\"3\" role=\"button\" aria-controls=\"elementor-tab-content-6253\" aria-expanded=\"false\">\n\t\t\t\t\t\t\t\t\t\t\t\t<span class=\"elementor-toggle-icon elementor-toggle-icon-left\" aria-hidden=\"true\">\n\t\t\t\t\t\t\t\t\t\t\t\t\t\t\t<span class=\"elementor-toggle-icon-closed\"><i class=\"far fa-star\"><\/i><\/span>\n\t\t\t\t\t\t\t\t<span class=\"elementor-toggle-icon-opened\"><i class=\"elementor-toggle-icon-opened fas fa-star\"><\/i><\/span>\n\t\t\t\t\t\t\t\t\t\t\t\t\t<\/span>\n\t\t\t\t\t\t\t\t\t\t\t\t<a class=\"elementor-toggle-title\" tabindex=\"0\">Kas Euroopa \u00fcritused on tasuta?<\/a>\n\t\t\t\t\t<\/div>\n\n\t\t\t\t\t<div id=\"elementor-tab-content-6253\" class=\"elementor-tab-content elementor-clearfix\" data-tab=\"3\" role=\"region\" aria-labelledby=\"elementor-tab-title-6253\"><p>Ei, kuid korraldajad n\u00e4evad vaeva, et osalustasu oleks v\u00f5imalikult v\u00e4ike. Osalustasu sisaldab majutust, toitlustust ja programmi, kuid transport \u00fcritusele ja tagasi on osaleja enda kanda.<\/p><\/div>\n\t\t\t\t<\/div>\n\t\t\t\t\t\t\t<div class=\"elementor-toggle-item\">\n\t\t\t\t\t<div id=\"elementor-tab-title-6254\" class=\"elementor-tab-title\" data-tab=\"4\" role=\"button\" aria-controls=\"elementor-tab-content-6254\" aria-expanded=\"false\">\n\t\t\t\t\t\t\t\t\t\t\t\t<span class=\"elementor-toggle-icon elementor-toggle-icon-left\" aria-hidden=\"true\">\n\t\t\t\t\t\t\t\t\t\t\t\t\t\t\t<span class=\"elementor-toggle-icon-closed\"><i class=\"far fa-star\"><\/i><\/span>\n\t\t\t\t\t\t\t\t<span class=\"elementor-toggle-icon-opened\"><i class=\"elementor-toggle-icon-opened fas fa-star\"><\/i><\/span>\n\t\t\t\t\t\t\t\t\t\t\t\t\t<\/span>\n\t\t\t\t\t\t\t\t\t\t\t\t<a class=\"elementor-toggle-title\" tabindex=\"0\">Milliseid \u00fcritusi Euroopas toimub?<\/a>\n\t\t\t\t\t<\/div>\n\n\t\t\t\t\t<div id=\"elementor-tab-content-6254\" class=\"elementor-tab-content elementor-clearfix\" data-tab=\"4\" role=\"region\" aria-labelledby=\"elementor-tab-title-6254\"><p>Euroopa \u00fcritustest on pikem kirjeldus\u00a0<a href=\"http:\/\/aegee-tartu.ee\/european-events\/\">siin<\/a>.<\/p><\/div>\n\t\t\t\t<\/div>\n\t\t\t\t\t\t\t<div class=\"elementor-toggle-item\">\n\t\t\t\t\t<div id=\"elementor-tab-title-6255\" class=\"elementor-tab-title\" data-tab=\"5\" role=\"button\" aria-controls=\"elementor-tab-content-6255\" aria-expanded=\"false\">\n\t\t\t\t\t\t\t\t\t\t\t\t<span class=\"elementor-toggle-icon elementor-toggle-icon-left\" aria-hidden=\"true\">\n\t\t\t\t\t\t\t\t\t\t\t\t\t\t\t<span class=\"elementor-toggle-icon-closed\"><i class=\"far fa-star\"><\/i><\/span>\n\t\t\t\t\t\t\t\t<span class=\"elementor-toggle-icon-opened\"><i class=\"elementor-toggle-icon-opened fas fa-star\"><\/i><\/span>\n\t\t\t\t\t\t\t\t\t\t\t\t\t<\/span>\n\t\t\t\t\t\t\t\t\t\t\t\t<a class=\"elementor-toggle-title\" tabindex=\"0\">Kas ma pean eelnevalt olema olnud kohalikus juhatuses, et Euroopa tasandi t\u00f6\u00f6r\u00fchma kandideerida?<\/a>\n\t\t\t\t\t<\/div>\n\n\t\t\t\t\t<div id=\"elementor-tab-content-6255\" class=\"elementor-tab-content elementor-clearfix\" data-tab=\"5\" role=\"region\" aria-labelledby=\"elementor-tab-title-6255\"><p>Ei. AEGEEs ei ole etteantud teekonda, mida m\u00f6\u00f6da organisatsioonisisest karj\u00e4\u00e4ri teha, v\u00f5ib ka kohe alustada Euroopa tasandi t\u00f6\u00f6r\u00fchmades. K\u00fcll aga on t\u00f6\u00f6r\u00fchmi v\u00e4ga erinevaid ning m\u00f5ne puhul tuleb kasuks kogemus kohalikus juhatuses.<\/p><\/div>\n\t\t\t\t<\/div>\n\t\t\t\t\t\t\t<div class=\"elementor-toggle-item\">\n\t\t\t\t\t<div id=\"elementor-tab-title-6256\" class=\"elementor-tab-title\" data-tab=\"6\" role=\"button\" aria-controls=\"elementor-tab-content-6256\" aria-expanded=\"false\">\n\t\t\t\t\t\t\t\t\t\t\t\t<span class=\"elementor-toggle-icon elementor-toggle-icon-left\" aria-hidden=\"true\">\n\t\t\t\t\t\t\t\t\t\t\t\t\t\t\t<span class=\"elementor-toggle-icon-closed\"><i class=\"far fa-star\"><\/i><\/span>\n\t\t\t\t\t\t\t\t<span class=\"elementor-toggle-icon-opened\"><i class=\"elementor-toggle-icon-opened fas fa-star\"><\/i><\/span>\n\t\t\t\t\t\t\t\t\t\t\t\t\t<\/span>\n\t\t\t\t\t\t\t\t\t\t\t\t<a class=\"elementor-toggle-title\" tabindex=\"0\">Kas samal ajal saab tegutseda nii kohaliku kui ka Euroopa tasandi t\u00f6\u00f6r\u00fchmades?<\/a>\n\t\t\t\t\t<\/div>\n\n\t\t\t\t\t<div id=\"elementor-tab-content-6256\" class=\"elementor-tab-content elementor-clearfix\" data-tab=\"6\" role=\"region\" aria-labelledby=\"elementor-tab-title-6256\"><p>Jah!<\/p><\/div>\n\t\t\t\t<\/div>\n\t\t\t\t\t\t\t\t\t\t<script type=\"application\/ld+json\">{\"@context\":\"https:\\\/\\\/schema.org\",\"@type\":\"FAQPage\",\"mainEntity\":[{\"@type\":\"Question\",\"name\":\"Kas suve\\u00fclikoolis osalemiseks peab olema AEGEE liige?\",\"acceptedAnswer\":{\"@type\":\"Answer\",\"text\":\"<p>Jah<\\\/p>\"}},{\"@type\":\"Question\",\"name\":\"Millal saab liige kandideerida Euroopa \\u00fcritustele?\",\"acceptedAnswer\":{\"@type\":\"Answer\",\"text\":\"<p>Kasv\\u00f5i kohe p\\u00e4rast liitumist. Euroopa tasandist osa saamine ei n\\u00f5ua kindlat liikmestaatust ega -staa\\u017ei.<\\\/p>\"}},{\"@type\":\"Question\",\"name\":\"Kas Euroopa \\u00fcritused on tasuta?\",\"acceptedAnswer\":{\"@type\":\"Answer\",\"text\":\"<p>Ei, kuid korraldajad n\\u00e4evad vaeva, et osalustasu oleks v\\u00f5imalikult v\\u00e4ike. Osalustasu sisaldab majutust, toitlustust ja programmi, kuid transport \\u00fcritusele ja tagasi on osaleja enda kanda.<\\\/p>\"}},{\"@type\":\"Question\",\"name\":\"Milliseid \\u00fcritusi Euroopas toimub?\",\"acceptedAnswer\":{\"@type\":\"Answer\",\"text\":\"<p>Euroopa \\u00fcritustest on pikem kirjeldus\\u00a0<a href=\\\"http:\\\/\\\/aegee-tartu.ee\\\/european-events\\\/\\\">siin<\\\/a>.<\\\/p>\"}},{\"@type\":\"Question\",\"name\":\"Kas ma pean eelnevalt olema olnud kohalikus juhatuses, et Euroopa tasandi t\\u00f6\\u00f6r\\u00fchma kandideerida?\",\"acceptedAnswer\":{\"@type\":\"Answer\",\"text\":\"<p>Ei. AEGEEs ei ole etteantud teekonda, mida m\\u00f6\\u00f6da organisatsioonisisest karj\\u00e4\\u00e4ri teha, v\\u00f5ib ka kohe alustada Euroopa tasandi t\\u00f6\\u00f6r\\u00fchmades. K\\u00fcll aga on t\\u00f6\\u00f6r\\u00fchmi v\\u00e4ga erinevaid ning m\\u00f5ne puhul tuleb kasuks kogemus kohalikus juhatuses.<\\\/p>\"}},{\"@type\":\"Question\",\"name\":\"Kas samal ajal saab tegutseda nii kohaliku kui ka Euroopa tasandi t\\u00f6\\u00f6r\\u00fchmades?\",\"acceptedAnswer\":{\"@type\":\"Answer\",\"text\":\"<p>Jah!<\\\/p>\"}}]}<\/script>\n\t\t\t\t\t<\/div>\n\t\t\t\t\t\t<\/div>\n\t\t\t\t<\/div>\n\t\t\t\t<div class=\"elementor-element elementor-element-f8f9a7c elementor-widget-divider--separator-type-pattern elementor-widget-divider--no-spacing elementor-widget-divider--view-line elementor-widget elementor-widget-divider\" data-id=\"f8f9a7c\" data-element_type=\"widget\" data-e-type=\"widget\" data-widget_type=\"divider.default\">\n\t\t\t\t<div class=\"elementor-widget-container\">\n\t\t\t\t\t\t\t<div class=\"elementor-divider\" style=\"--divider-pattern-url: url(&quot;data:image\/svg+xml,%3Csvg xmlns=&#039;http:\/\/www.w3.org\/2000\/svg&#039; preserveAspectRatio=&#039;xMidYMid meet&#039; overflow=&#039;visible&#039; height=&#039;100%&#039; viewBox=&#039;0 0 120 26&#039; fill=&#039;black&#039; stroke=&#039;none&#039;%3E%3Cpolygon points=&#039;0,14.4 0,21 11.5,12.4 21.3,20 30.4,11.1 40.3,20 51,12.4 60.6,20 69.6,11.1 79.3,20 90.1,12.4 99.6,20 109.7,11.1 120,21 120,14.4 109.7,5 99.6,13 90.1,5 79.3,14.5 71,5.7 60.6,12.4 51,5 40.3,14.5 31.1,5 21.3,13 11.5,5 \t&#039;\/%3E%3C\/svg%3E&quot;);\">\n\t\t\t<span class=\"elementor-divider-separator\">\n\t\t\t\t\t\t<\/span>\n\t\t<\/div>\n\t\t\t\t\t\t<\/div>\n\t\t\t\t<\/div>\n\t\t\t\t<div class=\"elementor-element elementor-element-d97cd38 elementor-widget elementor-widget-heading\" data-id=\"d97cd38\" data-element_type=\"widget\" data-e-type=\"widget\" data-widget_type=\"heading.default\">\n\t\t\t\t<div class=\"elementor-widget-container\">\n\t\t\t\t\t<h3 class=\"elementor-heading-title elementor-size-default\">Struktuur<\/h3>\t\t\t\t<\/div>\n\t\t\t\t<\/div>\n\t\t\t\t<div class=\"elementor-element elementor-element-88920fc elementor-widget elementor-widget-toggle\" data-id=\"88920fc\" data-element_type=\"widget\" data-e-type=\"widget\" data-widget_type=\"toggle.default\">\n\t\t\t\t<div class=\"elementor-widget-container\">\n\t\t\t\t\t\t\t<div class=\"elementor-toggle\">\n\t\t\t\t\t\t\t<div class=\"elementor-toggle-item\">\n\t\t\t\t\t<div id=\"elementor-tab-title-1431\" class=\"elementor-tab-title\" data-tab=\"1\" role=\"button\" aria-controls=\"elementor-tab-content-1431\" aria-expanded=\"false\">\n\t\t\t\t\t\t\t\t\t\t\t\t<span class=\"elementor-toggle-icon elementor-toggle-icon-left\" aria-hidden=\"true\">\n\t\t\t\t\t\t\t\t\t\t\t\t\t\t\t<span class=\"elementor-toggle-icon-closed\"><i class=\"far fa-star\"><\/i><\/span>\n\t\t\t\t\t\t\t\t<span class=\"elementor-toggle-icon-opened\"><i class=\"elementor-toggle-icon-opened fas fa-star\"><\/i><\/span>\n\t\t\t\t\t\t\t\t\t\t\t\t\t<\/span>\n\t\t\t\t\t\t\t\t\t\t\t\t<a class=\"elementor-toggle-title\" tabindex=\"0\">Mida t\u00e4hendab kohalik tasand?<\/a>\n\t\t\t\t\t<\/div>\n\n\t\t\t\t\t<div id=\"elementor-tab-content-1431\" class=\"elementor-tab-content elementor-clearfix\" data-tab=\"1\" role=\"region\" aria-labelledby=\"elementor-tab-title-1431\"><p>AEGEE kohalik tasand on linnap\u00f5hine (mitte \u00fclikooli- ega riigip\u00f5hine), seega AEGEE-Tartu koondab Tartu linnas elavaid-\u00f5ppivaid noori.<\/p><\/div>\n\t\t\t\t<\/div>\n\t\t\t\t\t\t\t<div class=\"elementor-toggle-item\">\n\t\t\t\t\t<div id=\"elementor-tab-title-1432\" class=\"elementor-tab-title\" data-tab=\"2\" role=\"button\" aria-controls=\"elementor-tab-content-1432\" aria-expanded=\"false\">\n\t\t\t\t\t\t\t\t\t\t\t\t<span class=\"elementor-toggle-icon elementor-toggle-icon-left\" aria-hidden=\"true\">\n\t\t\t\t\t\t\t\t\t\t\t\t\t\t\t<span class=\"elementor-toggle-icon-closed\"><i class=\"far fa-star\"><\/i><\/span>\n\t\t\t\t\t\t\t\t<span class=\"elementor-toggle-icon-opened\"><i class=\"elementor-toggle-icon-opened fas fa-star\"><\/i><\/span>\n\t\t\t\t\t\t\t\t\t\t\t\t\t<\/span>\n\t\t\t\t\t\t\t\t\t\t\t\t<a class=\"elementor-toggle-title\" tabindex=\"0\">Mida t\u00e4hendab antenna?<\/a>\n\t\t\t\t\t<\/div>\n\n\t\t\t\t\t<div id=\"elementor-tab-content-1432\" class=\"elementor-tab-content elementor-clearfix\" data-tab=\"2\" role=\"region\" aria-labelledby=\"elementor-tab-title-1432\"><p>Antenna on kohaliku tasandi \u00fcksus. N\u00e4iteks AEGEE-Tartu on \u00fcks antenna, AEGEE-Tallinn on samuti antenna jne.<\/p><\/div>\n\t\t\t\t<\/div>\n\t\t\t\t\t\t\t<div class=\"elementor-toggle-item\">\n\t\t\t\t\t<div id=\"elementor-tab-title-1433\" class=\"elementor-tab-title\" data-tab=\"3\" role=\"button\" aria-controls=\"elementor-tab-content-1433\" aria-expanded=\"false\">\n\t\t\t\t\t\t\t\t\t\t\t\t<span class=\"elementor-toggle-icon elementor-toggle-icon-left\" aria-hidden=\"true\">\n\t\t\t\t\t\t\t\t\t\t\t\t\t\t\t<span class=\"elementor-toggle-icon-closed\"><i class=\"far fa-star\"><\/i><\/span>\n\t\t\t\t\t\t\t\t<span class=\"elementor-toggle-icon-opened\"><i class=\"elementor-toggle-icon-opened fas fa-star\"><\/i><\/span>\n\t\t\t\t\t\t\t\t\t\t\t\t\t<\/span>\n\t\t\t\t\t\t\t\t\t\t\t\t<a class=\"elementor-toggle-title\" tabindex=\"0\">Mis on Agora?<\/a>\n\t\t\t\t\t<\/div>\n\n\t\t\t\t\t<div id=\"elementor-tab-content-1433\" class=\"elementor-tab-content elementor-clearfix\" data-tab=\"3\" role=\"region\" aria-labelledby=\"elementor-tab-title-1433\"><p>Kohalik Agora on AEGEE-Tartu \u00fcldkoosolek, mis toimub kaks korda aastas (\u00fcldiselt juunis ja detsembris) ning juuni Agoral valitakse muuhulgas ka juhatus j\u00e4rgnevaks aastaks. Euroopa Agora on samuti kaks korda aastas toimuv Euroopa tasandi \u00fcldkoosolek, kus h\u00e4\u00e4letatakse AEGEE-Euroopat puudutavate otsuste \u00fcle ning valitakse Euroopa juhatus ja muude oluliste kohustuste t\u00e4itjad. Iga antenna peab saatma Euroopa Agorale delegaate ning igal liikmel on v\u00f5imalus, kuid mitte kohustus sinna delegaadiks minna.<\/p><\/div>\n\t\t\t\t<\/div>\n\t\t\t\t\t\t\t<div class=\"elementor-toggle-item\">\n\t\t\t\t\t<div id=\"elementor-tab-title-1434\" class=\"elementor-tab-title\" data-tab=\"4\" role=\"button\" aria-controls=\"elementor-tab-content-1434\" aria-expanded=\"false\">\n\t\t\t\t\t\t\t\t\t\t\t\t<span class=\"elementor-toggle-icon elementor-toggle-icon-left\" aria-hidden=\"true\">\n\t\t\t\t\t\t\t\t\t\t\t\t\t\t\t<span class=\"elementor-toggle-icon-closed\"><i class=\"far fa-star\"><\/i><\/span>\n\t\t\t\t\t\t\t\t<span class=\"elementor-toggle-icon-opened\"><i class=\"elementor-toggle-icon-opened fas fa-star\"><\/i><\/span>\n\t\t\t\t\t\t\t\t\t\t\t\t\t<\/span>\n\t\t\t\t\t\t\t\t\t\t\t\t<a class=\"elementor-toggle-title\" tabindex=\"0\">Kas AEGEEs on ka riiklik tasand?<\/a>\n\t\t\t\t\t<\/div>\n\n\t\t\t\t\t<div id=\"elementor-tab-content-1434\" class=\"elementor-tab-content elementor-clearfix\" data-tab=\"4\" role=\"region\" aria-labelledby=\"elementor-tab-title-1434\"><p>Ei. Erinevalt mitmest teisest rahvusvahelisest tudengiorganisatsioonist ei r\u00f5huta AEGEE riikidevahelisi piire, vaid p\u00fc\u00fcdleb piirideta Euroopa poole. Samas ei eita AEGEE erinevate kultuuriruumide olemasolu Euroopas.<\/p><\/div>\n\t\t\t\t<\/div>\n\t\t\t\t\t\t\t<div class=\"elementor-toggle-item\">\n\t\t\t\t\t<div id=\"elementor-tab-title-1435\" class=\"elementor-tab-title\" data-tab=\"5\" role=\"button\" aria-controls=\"elementor-tab-content-1435\" aria-expanded=\"false\">\n\t\t\t\t\t\t\t\t\t\t\t\t<span class=\"elementor-toggle-icon elementor-toggle-icon-left\" aria-hidden=\"true\">\n\t\t\t\t\t\t\t\t\t\t\t\t\t\t\t<span class=\"elementor-toggle-icon-closed\"><i class=\"far fa-star\"><\/i><\/span>\n\t\t\t\t\t\t\t\t<span class=\"elementor-toggle-icon-opened\"><i class=\"elementor-toggle-icon-opened fas fa-star\"><\/i><\/span>\n\t\t\t\t\t\t\t\t\t\t\t\t\t<\/span>\n\t\t\t\t\t\t\t\t\t\t\t\t<a class=\"elementor-toggle-title\" tabindex=\"0\">Millist piirkonda AEGEE h\u00f5lmab?<\/a>\n\t\t\t\t\t<\/div>\n\n\t\t\t\t\t<div id=\"elementor-tab-content-1435\" class=\"elementor-tab-content elementor-clearfix\" data-tab=\"5\" role=\"region\" aria-labelledby=\"elementor-tab-title-1435\"><p>AEGEE m\u00f5istab geograafilist Euroopat selle k\u00f5ige laiemas t\u00e4henduses, seega kuuluvad sinna ka T\u00fcrgi ja Kaukaasia. Samas on m\u00f5ned Euroopa riigid, kus AEGEE antennasid hetkel ei ole. Antennade kaardi leiad <a href=\"https:\/\/aegee-tartu.ee\/vorgustik-kaardil\/\" target=\"_blank\" rel=\"noopener\">siit<\/a>.<\/p><\/div>\n\t\t\t\t<\/div>\n\t\t\t\t\t\t\t<div class=\"elementor-toggle-item\">\n\t\t\t\t\t<div id=\"elementor-tab-title-1436\" class=\"elementor-tab-title\" data-tab=\"6\" role=\"button\" aria-controls=\"elementor-tab-content-1436\" aria-expanded=\"false\">\n\t\t\t\t\t\t\t\t\t\t\t\t<span class=\"elementor-toggle-icon elementor-toggle-icon-left\" aria-hidden=\"true\">\n\t\t\t\t\t\t\t\t\t\t\t\t\t\t\t<span class=\"elementor-toggle-icon-closed\"><i class=\"far fa-star\"><\/i><\/span>\n\t\t\t\t\t\t\t\t<span class=\"elementor-toggle-icon-opened\"><i class=\"elementor-toggle-icon-opened fas fa-star\"><\/i><\/span>\n\t\t\t\t\t\t\t\t\t\t\t\t\t<\/span>\n\t\t\t\t\t\t\t\t\t\t\t\t<a class=\"elementor-toggle-title\" tabindex=\"0\">Kas AEGEE tegutseb ka teistes Eesti linnades?<\/a>\n\t\t\t\t\t<\/div>\n\n\t\t\t\t\t<div id=\"elementor-tab-content-1436\" class=\"elementor-tab-content elementor-clearfix\" data-tab=\"6\" role=\"region\" aria-labelledby=\"elementor-tab-title-1436\"><p>Kahjuks muudes Eesti linnades AEGEE antennasid ei ole. Kui aga on olemas entusiastlikud noored, kes on valmis pikaajaliselt p\u00fchenduma, siis on antenna algatamine k\u00f5rgharidust pakkuvas linnas v\u00f5imalik. Antenna algatamise ja t\u00e4ie\u00f5iguslikuks antennaks saamise protsessist loe <a href=\"https:\/\/www.aegee.org\/wp-content\/uploads\/Contacts-toolkit-VI.pdf\" target=\"_blank\" rel=\"noopener\">siit<\/a>.<\/p><\/div>\n\t\t\t\t<\/div>\n\t\t\t\t\t\t\t\t\t\t<script type=\"application\/ld+json\">{\"@context\":\"https:\\\/\\\/schema.org\",\"@type\":\"FAQPage\",\"mainEntity\":[{\"@type\":\"Question\",\"name\":\"Mida t\\u00e4hendab kohalik tasand?\",\"acceptedAnswer\":{\"@type\":\"Answer\",\"text\":\"<p>AEGEE kohalik tasand on linnap\\u00f5hine (mitte \\u00fclikooli- ega riigip\\u00f5hine), seega AEGEE-Tartu koondab Tartu linnas elavaid-\\u00f5ppivaid noori.<\\\/p>\"}},{\"@type\":\"Question\",\"name\":\"Mida t\\u00e4hendab antenna?\",\"acceptedAnswer\":{\"@type\":\"Answer\",\"text\":\"<p>Antenna on kohaliku tasandi \\u00fcksus. N\\u00e4iteks AEGEE-Tartu on \\u00fcks antenna, AEGEE-Tallinn on samuti antenna jne.<\\\/p>\"}},{\"@type\":\"Question\",\"name\":\"Mis on Agora?\",\"acceptedAnswer\":{\"@type\":\"Answer\",\"text\":\"<p>Kohalik Agora on AEGEE-Tartu \\u00fcldkoosolek, mis toimub kaks korda aastas (\\u00fcldiselt juunis ja detsembris) ning juuni Agoral valitakse muuhulgas ka juhatus j\\u00e4rgnevaks aastaks. Euroopa Agora on samuti kaks korda aastas toimuv Euroopa tasandi \\u00fcldkoosolek, kus h\\u00e4\\u00e4letatakse AEGEE-Euroopat puudutavate otsuste \\u00fcle ning valitakse Euroopa juhatus ja muude oluliste kohustuste t\\u00e4itjad. Iga antenna peab saatma Euroopa Agorale delegaate ning igal liikmel on v\\u00f5imalus, kuid mitte kohustus sinna delegaadiks minna.<\\\/p>\"}},{\"@type\":\"Question\",\"name\":\"Kas AEGEEs on ka riiklik tasand?\",\"acceptedAnswer\":{\"@type\":\"Answer\",\"text\":\"<p>Ei. Erinevalt mitmest teisest rahvusvahelisest tudengiorganisatsioonist ei r\\u00f5huta AEGEE riikidevahelisi piire, vaid p\\u00fc\\u00fcdleb piirideta Euroopa poole. Samas ei eita AEGEE erinevate kultuuriruumide olemasolu Euroopas.<\\\/p>\"}},{\"@type\":\"Question\",\"name\":\"Millist piirkonda AEGEE h\\u00f5lmab?\",\"acceptedAnswer\":{\"@type\":\"Answer\",\"text\":\"<p>AEGEE m\\u00f5istab geograafilist Euroopat selle k\\u00f5ige laiemas t\\u00e4henduses, seega kuuluvad sinna ka T\\u00fcrgi ja Kaukaasia. Samas on m\\u00f5ned Euroopa riigid, kus AEGEE antennasid hetkel ei ole. Antennade kaardi leiad <a href=\\\"https:\\\/\\\/aegee-tartu.ee\\\/vorgustik-kaardil\\\/\\\" target=\\\"_blank\\\" rel=\\\"noopener\\\">siit<\\\/a>.<\\\/p>\"}},{\"@type\":\"Question\",\"name\":\"Kas AEGEE tegutseb ka teistes Eesti linnades?\",\"acceptedAnswer\":{\"@type\":\"Answer\",\"text\":\"<p>Kahjuks muudes Eesti linnades AEGEE antennasid ei ole. Kui aga on olemas entusiastlikud noored, kes on valmis pikaajaliselt p\\u00fchenduma, siis on antenna algatamine k\\u00f5rgharidust pakkuvas linnas v\\u00f5imalik. Antenna algatamise ja t\\u00e4ie\\u00f5iguslikuks antennaks saamise protsessist loe <a href=\\\"https:\\\/\\\/www.aegee.org\\\/wp-content\\\/uploads\\\/Contacts-toolkit-VI.pdf\\\" target=\\\"_blank\\\" rel=\\\"noopener\\\">siit<\\\/a>.<\\\/p>\"}}]}<\/script>\n\t\t\t\t\t<\/div>\n\t\t\t\t\t\t<\/div>\n\t\t\t\t<\/div>\n\t\t\t\t\t<\/div>\n\t\t<\/div>\n\t\t\t\t\t<\/div>\n\t\t<\/section>\n\t\t\t\t<section class=\"elementor-section elementor-top-section elementor-element elementor-element-e4c5a68 elementor-section-boxed elementor-section-height-default elementor-section-height-default\" data-id=\"e4c5a68\" data-element_type=\"section\" data-e-type=\"section\">\n\t\t\t\t\t\t<div class=\"elementor-container elementor-column-gap-default\">\n\t\t\t\t\t<div class=\"elementor-column elementor-col-100 elementor-top-column elementor-element elementor-element-3647cd7\" data-id=\"3647cd7\" data-element_type=\"column\" data-e-type=\"column\">\n\t\t\t<div class=\"elementor-widget-wrap\">\n\t\t\t\t\t\t\t<\/div>\n\t\t<\/div>\n\t\t\t\t\t<\/div>\n\t\t<\/section>\n\t\t\t\t<\/div>\n\t\t","protected":false},"excerpt":{"rendered":"<p class=\"excerpt\">Korduma Kippuvad K\u00fcsimused Liitumine Kuidas AEGEE-Tartuga liituda? Liitumiseks tuleb t\u00e4ita\u00a0liitumisankeet, misj\u00e4rel v\u00f5tab liikmehaldur Sinuga \u00fchendust. Millistel perioodidel AEGEE-Tartu uusi liikmeid vastu v\u00f5tab? AEGEE-Tartu v\u00f5tab uusi liikmeid vastu aastaringselt igal ajal. Kes saavad AEGEE-Tartuga liituda? Noored vanuses 18-35. Oodatud on k\u00f5ikide k\u00f5rg-, kutse- ja \u00fclikoolide \u00f5pilased \u00fcksk\u00f5ik milliselt erialalt, samuti g\u00fcmnasistid ja vilistlased, kui nad mahuvad vanusepiiridesse. Ootame liituma ka v\u00e4listudengeid.&hellip; <a href=\"https:\/\/aegee-tartu.ee\/en\/kkk\/\">Read more &rarr;<\/a><\/p>","protected":false},"author":1,"featured_media":0,"parent":0,"menu_order":0,"comment_status":"closed","ping_status":"closed","template":"","meta":{"_exactmetrics_skip_tracking":false,"_exactmetrics_sitenote_active":false,"_exactmetrics_sitenote_note":"","_exactmetrics_sitenote_category":0,"footnotes":""},"class_list":["post-2854","page","type-page","status-publish","hentry","xfolkentry"],"_links":{"self":[{"href":"https:\/\/aegee-tartu.ee\/en\/wp-json\/wp\/v2\/pages\/2854","targetHints":{"allow":["GET"]}}],"collection":[{"href":"https:\/\/aegee-tartu.ee\/en\/wp-json\/wp\/v2\/pages"}],"about":[{"href":"https:\/\/aegee-tartu.ee\/en\/wp-json\/wp\/v2\/types\/page"}],"author":[{"embeddable":true,"href":"https:\/\/aegee-tartu.ee\/en\/wp-json\/wp\/v2\/users\/1"}],"replies":[{"embeddable":true,"href":"https:\/\/aegee-tartu.ee\/en\/wp-json\/wp\/v2\/comments?post=2854"}],"version-history":[{"count":26,"href":"https:\/\/aegee-tartu.ee\/en\/wp-json\/wp\/v2\/pages\/2854\/revisions"}],"predecessor-version":[{"id":3165,"href":"https:\/\/aegee-tartu.ee\/en\/wp-json\/wp\/v2\/pages\/2854\/revisions\/3165"}],"wp:attachment":[{"href":"https:\/\/aegee-tartu.ee\/en\/wp-json\/wp\/v2\/media?parent=2854"}],"curies":[{"name":"wp","href":"https:\/\/api.w.org\/{rel}","templated":true}]}}